{"id":1026,"date":"2019-03-08T16:47:40","date_gmt":"2019-03-08T16:47:40","guid":{"rendered":"http:\/\/www.lamaisondabel.fr\/?page_id=1026"},"modified":"2019-03-08T17:02:30","modified_gmt":"2019-03-08T17:02:30","slug":"musee-de-lodeve","status":"publish","type":"page","link":"https:\/\/www.lamaisondabel.fr\/index.php\/musee-de-lodeve\/","title":{"rendered":"Mus\u00e9e de Lod\u00e8ve"},"content":{"rendered":"<p style=\"text-align: center;\"><a href=\"https:\/\/www.museedelodeve.fr\/\" target=\"_blank\" rel=\"noopener noreferrer\">Lien vers le site du Mus\u00e9e de Lod\u00e8ve<\/a><\/p>\n<p style=\"text-align: center;\"><a href=\"https:\/\/www.museedelodeve.fr\" target=\"_blank\" rel=\"noopener noreferrer\"><img loading=\"lazy\" decoding=\"async\" class=\"aligncenter wp-image-1036\" src=\"http:\/\/www.lamaisondabel.fr\/wp-content\/uploads\/2019\/03\/musee_lodeve_2-300x101.jpg\" alt=\"\" width=\"434\" height=\"146\" srcset=\"https:\/\/www.lamaisondabel.fr\/wp-content\/uploads\/2019\/03\/musee_lodeve_2-300x101.jpg 300w, https:\/\/www.lamaisondabel.fr\/wp-content\/uploads\/2019\/03\/musee_lodeve_2-50x17.jpg 50w, https:\/\/www.lamaisondabel.fr\/wp-content\/uploads\/2019\/03\/musee_lodeve_2.jpg 666w\" sizes=\"(max-width: 434px) 100vw, 434px\" \/><\/a><\/p>\n<h1 style=\"text-align: center;\">D\u00e9couvrir<\/h1>\n<p>&nbsp;<\/p>\n<h2 class=\"str-intertitre\" style=\"text-align: center;\"><a href=\"https:\/\/www.museedelodeve.fr\/expositions\" target=\"_blank\" rel=\"noopener noreferrer\">LES PARCOURS PERMANENTS ET LES EXPOSITIONS DU MUS\u00c9E<\/a><\/h2>\n<p>&nbsp;<\/p>\n<h2 class=\"str-intertitre\" style=\"text-align: center;\"><a href=\"https:\/\/www.museedelodeve.fr\/explorer\" target=\"_blank\" rel=\"noopener noreferrer\">D\u00c9COUVRIR LES OEUVRES, LE MUS\u00c9E ET SES ALENTOURS<\/a><\/h2>\n<p style=\"text-align: center;\"><strong>Mus\u00e9e de Lod\u00e8ve<\/strong><br \/>\n1 place Francis Morand<\/p>\n<p style=\"text-align: center;\">acc\u00e8s par le Square Georges Auric<\/p>\n<p style=\"text-align: center;\">34700 Lod\u00e8ve<\/p>\n<p style=\"text-align: center;\">04 67 88 86 10<\/p>\n<p style=\"text-align: center;\"><img loading=\"lazy\" decoding=\"async\" class=\"aligncenter size-medium wp-image-1038\" src=\"http:\/\/www.lamaisondabel.fr\/wp-content\/uploads\/2019\/03\/musee_lodeve_3-300x270.jpg\" alt=\"\" width=\"300\" height=\"270\" srcset=\"https:\/\/www.lamaisondabel.fr\/wp-content\/uploads\/2019\/03\/musee_lodeve_3-300x270.jpg 300w, https:\/\/www.lamaisondabel.fr\/wp-content\/uploads\/2019\/03\/musee_lodeve_3-768x691.jpg 768w, https:\/\/www.lamaisondabel.fr\/wp-content\/uploads\/2019\/03\/musee_lodeve_3-1024x922.jpg 1024w, https:\/\/www.lamaisondabel.fr\/wp-content\/uploads\/2019\/03\/musee_lodeve_3-50x45.jpg 50w\" sizes=\"(max-width: 300px) 100vw, 300px\" \/><\/p>\n<h3 style=\"text-align: center;\">HORAIRES D&#8217;OUVERTURE<\/h3>\n<p style=\"text-align: center;\">10h &#8211; 18h<br \/>\nFerm\u00e9 le lundi<br \/>\nOuvert les jours f\u00e9ri\u00e9s sauf les lundis f\u00e9ri\u00e9s et les 1er novembre, 25 d\u00e9cembre, 1er janvier, 1er mai.<\/p>\n<p style=\"text-align: center;\">Fermeture des guichets \u00e0 17h30<br \/>\nFermeture des salles \u00e0 17h50<\/p>\n<p style=\"text-align: center;\">Vous pouvez sortir du mus\u00e9e pour vous restaurer et revenir l&#8217;apr\u00e8s-midi avec le m\u00eame billet !<\/p>\n<p>&nbsp;<\/p>\n<p style=\"text-align: center;\"><img loading=\"lazy\" decoding=\"async\" class=\"aligncenter size-medium wp-image-1035\" src=\"http:\/\/www.lamaisondabel.fr\/wp-content\/uploads\/2019\/03\/musee_lodeve-300x300.jpg\" alt=\"\" width=\"300\" height=\"300\" srcset=\"https:\/\/www.lamaisondabel.fr\/wp-content\/uploads\/2019\/03\/musee_lodeve-300x300.jpg 300w, https:\/\/www.lamaisondabel.fr\/wp-content\/uploads\/2019\/03\/musee_lodeve-150x150.jpg 150w, https:\/\/www.lamaisondabel.fr\/wp-content\/uploads\/2019\/03\/musee_lodeve-50x50.jpg 50w, https:\/\/www.lamaisondabel.fr\/wp-content\/uploads\/2019\/03\/musee_lodeve.jpg 600w\" sizes=\"(max-width: 300px) 100vw, 300px\" \/><\/p>\n<p>&nbsp;<\/p>\n<p style=\"text-align: center;\">\n","protected":false},"excerpt":{"rendered":"<p>Lien vers le site du Mus\u00e9e de Lod\u00e8ve D\u00e9couvrir &nbsp; LES PARCOURS PERMANENTS ET LES EXPOSITIONS DU MUS\u00c9E &nbsp; D\u00c9COUVRIR LES OEUVRES, LE MUS\u00c9E ET SES ALENTOURS Mus\u00e9e de Lod\u00e8ve 1 place Francis Morand acc\u00e8s par le Square Georges Auric 34700 Lod\u00e8ve 04 67 88 86 10 HORAIRES D&#8217;OUVERTURE 10h &#8211; 18h Ferm\u00e9 le lundi [&hellip;]<\/p>\n","protected":false},"author":1,"featured_media":0,"parent":0,"menu_order":0,"comment_status":"closed","ping_status":"closed","template":"","meta":{"footnotes":""},"wppr_data":{"cwp_meta_box_check":"No"},"yoast_head":"<!-- This site is optimized with the Yoast SEO plugin v22.8 - https:\/\/yoast.com\/wordpress\/plugins\/seo\/ -->\n<title>Mus\u00e9e de Lod\u00e8ve - La Maison d&#039;Abel<\/title>\n<meta name=\"robots\" content=\"index, follow, max-snippet:-1, max-image-preview:large, max-video-preview:-1\" \/>\n<link rel=\"canonical\" href=\"https:\/\/www.lamaisondabel.fr\/index.php\/musee-de-lodeve\/\" \/>\n<meta property=\"og:locale\" content=\"fr_FR\" \/>\n<meta property=\"og:type\" content=\"article\" \/>\n<meta property=\"og:title\" content=\"Mus\u00e9e de Lod\u00e8ve - La Maison d&#039;Abel\" \/>\n<meta property=\"og:description\" content=\"Lien vers le site du Mus\u00e9e de Lod\u00e8ve D\u00e9couvrir &nbsp; LES PARCOURS PERMANENTS ET LES EXPOSITIONS DU MUS\u00c9E &nbsp; D\u00c9COUVRIR LES OEUVRES, LE MUS\u00c9E ET SES ALENTOURS Mus\u00e9e de Lod\u00e8ve 1 place Francis Morand acc\u00e8s par le Square Georges Auric 34700 Lod\u00e8ve 04 67 88 86 10 HORAIRES D&#8217;OUVERTURE 10h &#8211; 18h Ferm\u00e9 le lundi [&hellip;]\" \/>\n<meta property=\"og:url\" content=\"https:\/\/www.lamaisondabel.fr\/index.php\/musee-de-lodeve\/\" \/>\n<meta property=\"og:site_name\" content=\"La Maison d&#039;Abel\" \/>\n<meta property=\"article:modified_time\" content=\"2019-03-08T17:02:30+00:00\" \/>\n<meta property=\"og:image\" content=\"http:\/\/www.lamaisondabel.fr\/wp-content\/uploads\/2019\/03\/musee_lodeve_2-300x101.jpg\" \/>\n<meta name=\"twitter:card\" content=\"summary_large_image\" \/>\n<meta name=\"twitter:label1\" content=\"Dur\u00e9e de lecture estim\u00e9e\" \/>\n\t<meta name=\"twitter:data1\" content=\"1 minute\" \/>\n<script type=\"application\/ld+json\" class=\"yoast-schema-graph\">{\"@context\":\"https:\/\/schema.org\",\"@graph\":[{\"@type\":\"WebPage\",\"@id\":\"https:\/\/www.lamaisondabel.fr\/index.php\/musee-de-lodeve\/\",\"url\":\"https:\/\/www.lamaisondabel.fr\/index.php\/musee-de-lodeve\/\",\"name\":\"Mus\u00e9e de Lod\u00e8ve - La Maison d&#039;Abel\",\"isPartOf\":{\"@id\":\"https:\/\/www.lamaisondabel.fr\/#website\"},\"primaryImageOfPage\":{\"@id\":\"https:\/\/www.lamaisondabel.fr\/index.php\/musee-de-lodeve\/#primaryimage\"},\"image\":{\"@id\":\"https:\/\/www.lamaisondabel.fr\/index.php\/musee-de-lodeve\/#primaryimage\"},\"thumbnailUrl\":\"http:\/\/www.lamaisondabel.fr\/wp-content\/uploads\/2019\/03\/musee_lodeve_2-300x101.jpg\",\"datePublished\":\"2019-03-08T16:47:40+00:00\",\"dateModified\":\"2019-03-08T17:02:30+00:00\",\"breadcrumb\":{\"@id\":\"https:\/\/www.lamaisondabel.fr\/index.php\/musee-de-lodeve\/#breadcrumb\"},\"inLanguage\":\"fr-FR\",\"potentialAction\":[{\"@type\":\"ReadAction\",\"target\":[\"https:\/\/www.lamaisondabel.fr\/index.php\/musee-de-lodeve\/\"]}]},{\"@type\":\"ImageObject\",\"inLanguage\":\"fr-FR\",\"@id\":\"https:\/\/www.lamaisondabel.fr\/index.php\/musee-de-lodeve\/#primaryimage\",\"url\":\"https:\/\/www.lamaisondabel.fr\/wp-content\/uploads\/2019\/03\/musee_lodeve_2.jpg\",\"contentUrl\":\"https:\/\/www.lamaisondabel.fr\/wp-content\/uploads\/2019\/03\/musee_lodeve_2.jpg\",\"width\":666,\"height\":225},{\"@type\":\"BreadcrumbList\",\"@id\":\"https:\/\/www.lamaisondabel.fr\/index.php\/musee-de-lodeve\/#breadcrumb\",\"itemListElement\":[{\"@type\":\"ListItem\",\"position\":1,\"name\":\"Accueil\",\"item\":\"https:\/\/www.lamaisondabel.fr\/\"},{\"@type\":\"ListItem\",\"position\":2,\"name\":\"Mus\u00e9e de Lod\u00e8ve\"}]},{\"@type\":\"WebSite\",\"@id\":\"https:\/\/www.lamaisondabel.fr\/#website\",\"url\":\"https:\/\/www.lamaisondabel.fr\/\",\"name\":\"La Maison d&#039;Abel\",\"description\":\"Lac du Salagou - Maison en location saisonni\u00e8re - Ouvert toute l&#039;ann\u00e9e.\",\"potentialAction\":[{\"@type\":\"SearchAction\",\"target\":{\"@type\":\"EntryPoint\",\"urlTemplate\":\"https:\/\/www.lamaisondabel.fr\/?s={search_term_string}\"},\"query-input\":\"required name=search_term_string\"}],\"inLanguage\":\"fr-FR\"}]}<\/script>\n<!-- \/ Yoast SEO plugin. -->","yoast_head_json":{"title":"Mus\u00e9e de Lod\u00e8ve - La Maison d&#039;Abel","robots":{"index":"index","follow":"follow","max-snippet":"max-snippet:-1","max-image-preview":"max-image-preview:large","max-video-preview":"max-video-preview:-1"},"canonical":"https:\/\/www.lamaisondabel.fr\/index.php\/musee-de-lodeve\/","og_locale":"fr_FR","og_type":"article","og_title":"Mus\u00e9e de Lod\u00e8ve - La Maison d&#039;Abel","og_description":"Lien vers le site du Mus\u00e9e de Lod\u00e8ve D\u00e9couvrir &nbsp; LES PARCOURS PERMANENTS ET LES EXPOSITIONS DU MUS\u00c9E &nbsp; D\u00c9COUVRIR LES OEUVRES, LE MUS\u00c9E ET SES ALENTOURS Mus\u00e9e de Lod\u00e8ve 1 place Francis Morand acc\u00e8s par le Square Georges Auric 34700 Lod\u00e8ve 04 67 88 86 10 HORAIRES D&#8217;OUVERTURE 10h &#8211; 18h Ferm\u00e9 le lundi [&hellip;]","og_url":"https:\/\/www.lamaisondabel.fr\/index.php\/musee-de-lodeve\/","og_site_name":"La Maison d&#039;Abel","article_modified_time":"2019-03-08T17:02:30+00:00","og_image":[{"url":"http:\/\/www.lamaisondabel.fr\/wp-content\/uploads\/2019\/03\/musee_lodeve_2-300x101.jpg"}],"twitter_card":"summary_large_image","twitter_misc":{"Dur\u00e9e de lecture estim\u00e9e":"1 minute"},"schema":{"@context":"https:\/\/schema.org","@graph":[{"@type":"WebPage","@id":"https:\/\/www.lamaisondabel.fr\/index.php\/musee-de-lodeve\/","url":"https:\/\/www.lamaisondabel.fr\/index.php\/musee-de-lodeve\/","name":"Mus\u00e9e de Lod\u00e8ve - La Maison d&#039;Abel","isPartOf":{"@id":"https:\/\/www.lamaisondabel.fr\/#website"},"primaryImageOfPage":{"@id":"https:\/\/www.lamaisondabel.fr\/index.php\/musee-de-lodeve\/#primaryimage"},"image":{"@id":"https:\/\/www.lamaisondabel.fr\/index.php\/musee-de-lodeve\/#primaryimage"},"thumbnailUrl":"http:\/\/www.lamaisondabel.fr\/wp-content\/uploads\/2019\/03\/musee_lodeve_2-300x101.jpg","datePublished":"2019-03-08T16:47:40+00:00","dateModified":"2019-03-08T17:02:30+00:00","breadcrumb":{"@id":"https:\/\/www.lamaisondabel.fr\/index.php\/musee-de-lodeve\/#breadcrumb"},"inLanguage":"fr-FR","potentialAction":[{"@type":"ReadAction","target":["https:\/\/www.lamaisondabel.fr\/index.php\/musee-de-lodeve\/"]}]},{"@type":"ImageObject","inLanguage":"fr-FR","@id":"https:\/\/www.lamaisondabel.fr\/index.php\/musee-de-lodeve\/#primaryimage","url":"https:\/\/www.lamaisondabel.fr\/wp-content\/uploads\/2019\/03\/musee_lodeve_2.jpg","contentUrl":"https:\/\/www.lamaisondabel.fr\/wp-content\/uploads\/2019\/03\/musee_lodeve_2.jpg","width":666,"height":225},{"@type":"BreadcrumbList","@id":"https:\/\/www.lamaisondabel.fr\/index.php\/musee-de-lodeve\/#breadcrumb","itemListElement":[{"@type":"ListItem","position":1,"name":"Accueil","item":"https:\/\/www.lamaisondabel.fr\/"},{"@type":"ListItem","position":2,"name":"Mus\u00e9e de Lod\u00e8ve"}]},{"@type":"WebSite","@id":"https:\/\/www.lamaisondabel.fr\/#website","url":"https:\/\/www.lamaisondabel.fr\/","name":"La Maison d&#039;Abel","description":"Lac du Salagou - Maison en location saisonni\u00e8re - Ouvert toute l&#039;ann\u00e9e.","potentialAction":[{"@type":"SearchAction","target":{"@type":"EntryPoint","urlTemplate":"https:\/\/www.lamaisondabel.fr\/?s={search_term_string}"},"query-input":"required name=search_term_string"}],"inLanguage":"fr-FR"}]}},"_links":{"self":[{"href":"https:\/\/www.lamaisondabel.fr\/index.php\/wp-json\/wp\/v2\/pages\/1026"}],"collection":[{"href":"https:\/\/www.lamaisondabel.fr\/index.php\/wp-json\/wp\/v2\/pages"}],"about":[{"href":"https:\/\/www.lamaisondabel.fr\/index.php\/wp-json\/wp\/v2\/types\/page"}],"author":[{"embeddable":true,"href":"https:\/\/www.lamaisondabel.fr\/index.php\/wp-json\/wp\/v2\/users\/1"}],"replies":[{"embeddable":true,"href":"https:\/\/www.lamaisondabel.fr\/index.php\/wp-json\/wp\/v2\/comments?post=1026"}],"version-history":[{"count":7,"href":"https:\/\/www.lamaisondabel.fr\/index.php\/wp-json\/wp\/v2\/pages\/1026\/revisions"}],"predecessor-version":[{"id":1039,"href":"https:\/\/www.lamaisondabel.fr\/index.php\/wp-json\/wp\/v2\/pages\/1026\/revisions\/1039"}],"wp:attachment":[{"href":"https:\/\/www.lamaisondabel.fr\/index.php\/wp-json\/wp\/v2\/media?parent=1026"}],"curies":[{"name":"wp","href":"https:\/\/api.w.org\/{rel}","templated":true}]}}