{"id":1180,"date":"2019-03-10T14:46:29","date_gmt":"2019-03-10T14:46:29","guid":{"rendered":"http:\/\/www.lamaisondabel.fr\/?page_id=1180"},"modified":"2019-03-10T14:58:44","modified_gmt":"2019-03-10T14:58:44","slug":"specialites","status":"publish","type":"page","link":"https:\/\/www.lamaisondabel.fr\/index.php\/specialites\/","title":{"rendered":"Sp\u00e9cialit\u00e9s"},"content":{"rendered":"<h1 id=\"firstHeading\" class=\"firstHeading\" lang=\"fr\" style=\"text-align: center;\">Pain paillasse de Lod\u00e8ve<\/h1>\n<h2 style=\"text-align: center;\">Un pain sp\u00e9cifique \u00e0 Lod\u00e8ve et \u00e0 sa r\u00e9gion<\/h2>\n<p>&nbsp;<\/p>\n<p style=\"text-align: center;\"><img loading=\"lazy\" decoding=\"async\" class=\"aligncenter size-medium wp-image-1188\" src=\"http:\/\/www.lamaisondabel.fr\/wp-content\/uploads\/2019\/03\/pain-paillasse-de-lodeve-300x220.jpg\" alt=\"\" width=\"300\" height=\"220\" srcset=\"https:\/\/www.lamaisondabel.fr\/wp-content\/uploads\/2019\/03\/pain-paillasse-de-lodeve-300x220.jpg 300w, https:\/\/www.lamaisondabel.fr\/wp-content\/uploads\/2019\/03\/pain-paillasse-de-lodeve-50x37.jpg 50w, https:\/\/www.lamaisondabel.fr\/wp-content\/uploads\/2019\/03\/pain-paillasse-de-lodeve.jpg 547w\" sizes=\"(max-width: 300px) 100vw, 300px\" \/><\/p>\n<p style=\"text-align: center;\"><a href=\"http:\/\/www.keldelice.com\/guide\/specialites\/le-pain-paillasse-de-lodeve\" target=\"_blank\" rel=\"noopener noreferrer\">Photo de www.keldelice.com &#8211; Lien vers cette page pour plus d&#8217;infos \u00e0 ce sujet<\/a><\/p>\n<p><img loading=\"lazy\" decoding=\"async\" class=\"aligncenter size-medium wp-image-1184\" src=\"http:\/\/www.lamaisondabel.fr\/wp-content\/uploads\/2019\/03\/Pain_paillasse_de_Lod\u00e8ve-300x200.jpg\" alt=\"\" width=\"300\" height=\"200\" srcset=\"https:\/\/www.lamaisondabel.fr\/wp-content\/uploads\/2019\/03\/Pain_paillasse_de_Lod\u00e8ve-300x200.jpg 300w, https:\/\/www.lamaisondabel.fr\/wp-content\/uploads\/2019\/03\/Pain_paillasse_de_Lod\u00e8ve-768x512.jpg 768w, https:\/\/www.lamaisondabel.fr\/wp-content\/uploads\/2019\/03\/Pain_paillasse_de_Lod\u00e8ve-1024x683.jpg 1024w, https:\/\/www.lamaisondabel.fr\/wp-content\/uploads\/2019\/03\/Pain_paillasse_de_Lod\u00e8ve-50x33.jpg 50w, https:\/\/www.lamaisondabel.fr\/wp-content\/uploads\/2019\/03\/Pain_paillasse_de_Lod\u00e8ve.jpg 1200w\" sizes=\"(max-width: 300px) 100vw, 300px\" \/><\/p>\n<p style=\"text-align: center;\"><a href=\"https:\/\/fr.wikipedia.org\/wiki\/Pain_paillasse_de_Lod%C3%A8ve\" target=\"_blank\" rel=\"noopener noreferrer\">Photo de wikip\u00e9dia &#8211; Lien vers cette page pour plus d&#8217;infos \u00e0 ce sujet<\/a><\/p>\n<p>&nbsp;<\/p>\n<p>&nbsp;<\/p>\n<p style=\"text-align: center;\">Vous trouverez sur les march\u00e9s \u00e9galement le pain de Millau, la baquette du Larzac&#8230;.<\/p>\n<p>&nbsp;<\/p>\n<p style=\"text-align: center;\">\n","protected":false},"excerpt":{"rendered":"<p>Pain paillasse de Lod\u00e8ve Un pain sp\u00e9cifique \u00e0 Lod\u00e8ve et \u00e0 sa r\u00e9gion &nbsp; Photo de www.keldelice.com &#8211; Lien vers cette page pour plus d&#8217;infos \u00e0 ce sujet Photo de wikip\u00e9dia &#8211; Lien vers cette page pour plus d&#8217;infos \u00e0 ce sujet &nbsp; &nbsp; Vous trouverez sur les march\u00e9s \u00e9galement le pain de Millau, la [&hellip;]<\/p>\n","protected":false},"author":1,"featured_media":0,"parent":0,"menu_order":0,"comment_status":"closed","ping_status":"closed","template":"","meta":{"footnotes":""},"wppr_data":{"cwp_meta_box_check":"No"},"yoast_head":"<!-- This site is optimized with the Yoast SEO plugin v22.8 - https:\/\/yoast.com\/wordpress\/plugins\/seo\/ -->\n<title>Sp\u00e9cialit\u00e9s - La Maison d&#039;Abel<\/title>\n<meta name=\"robots\" content=\"index, follow, max-snippet:-1, max-image-preview:large, max-video-preview:-1\" \/>\n<link rel=\"canonical\" href=\"https:\/\/www.lamaisondabel.fr\/index.php\/specialites\/\" \/>\n<meta property=\"og:locale\" content=\"fr_FR\" \/>\n<meta property=\"og:type\" content=\"article\" \/>\n<meta property=\"og:title\" content=\"Sp\u00e9cialit\u00e9s - La Maison d&#039;Abel\" \/>\n<meta property=\"og:description\" content=\"Pain paillasse de Lod\u00e8ve Un pain sp\u00e9cifique \u00e0 Lod\u00e8ve et \u00e0 sa r\u00e9gion &nbsp; Photo de www.keldelice.com &#8211; Lien vers cette page pour plus d&#8217;infos \u00e0 ce sujet Photo de wikip\u00e9dia &#8211; Lien vers cette page pour plus d&#8217;infos \u00e0 ce sujet &nbsp; &nbsp; Vous trouverez sur les march\u00e9s \u00e9galement le pain de Millau, la [&hellip;]\" \/>\n<meta property=\"og:url\" content=\"https:\/\/www.lamaisondabel.fr\/index.php\/specialites\/\" \/>\n<meta property=\"og:site_name\" content=\"La Maison d&#039;Abel\" \/>\n<meta property=\"article:modified_time\" content=\"2019-03-10T14:58:44+00:00\" \/>\n<meta property=\"og:image\" content=\"http:\/\/www.lamaisondabel.fr\/wp-content\/uploads\/2019\/03\/pain-paillasse-de-lodeve-300x220.jpg\" \/>\n<meta name=\"twitter:card\" content=\"summary_large_image\" \/>\n<script type=\"application\/ld+json\" class=\"yoast-schema-graph\">{\"@context\":\"https:\/\/schema.org\",\"@graph\":[{\"@type\":\"WebPage\",\"@id\":\"https:\/\/www.lamaisondabel.fr\/index.php\/specialites\/\",\"url\":\"https:\/\/www.lamaisondabel.fr\/index.php\/specialites\/\",\"name\":\"Sp\u00e9cialit\u00e9s - La Maison d&#039;Abel\",\"isPartOf\":{\"@id\":\"https:\/\/www.lamaisondabel.fr\/#website\"},\"primaryImageOfPage\":{\"@id\":\"https:\/\/www.lamaisondabel.fr\/index.php\/specialites\/#primaryimage\"},\"image\":{\"@id\":\"https:\/\/www.lamaisondabel.fr\/index.php\/specialites\/#primaryimage\"},\"thumbnailUrl\":\"http:\/\/www.lamaisondabel.fr\/wp-content\/uploads\/2019\/03\/pain-paillasse-de-lodeve-300x220.jpg\",\"datePublished\":\"2019-03-10T14:46:29+00:00\",\"dateModified\":\"2019-03-10T14:58:44+00:00\",\"breadcrumb\":{\"@id\":\"https:\/\/www.lamaisondabel.fr\/index.php\/specialites\/#breadcrumb\"},\"inLanguage\":\"fr-FR\",\"potentialAction\":[{\"@type\":\"ReadAction\",\"target\":[\"https:\/\/www.lamaisondabel.fr\/index.php\/specialites\/\"]}]},{\"@type\":\"ImageObject\",\"inLanguage\":\"fr-FR\",\"@id\":\"https:\/\/www.lamaisondabel.fr\/index.php\/specialites\/#primaryimage\",\"url\":\"https:\/\/www.lamaisondabel.fr\/wp-content\/uploads\/2019\/03\/pain-paillasse-de-lodeve.jpg\",\"contentUrl\":\"https:\/\/www.lamaisondabel.fr\/wp-content\/uploads\/2019\/03\/pain-paillasse-de-lodeve.jpg\",\"width\":547,\"height\":402},{\"@type\":\"BreadcrumbList\",\"@id\":\"https:\/\/www.lamaisondabel.fr\/index.php\/specialites\/#breadcrumb\",\"itemListElement\":[{\"@type\":\"ListItem\",\"position\":1,\"name\":\"Accueil\",\"item\":\"https:\/\/www.lamaisondabel.fr\/\"},{\"@type\":\"ListItem\",\"position\":2,\"name\":\"Sp\u00e9cialit\u00e9s\"}]},{\"@type\":\"WebSite\",\"@id\":\"https:\/\/www.lamaisondabel.fr\/#website\",\"url\":\"https:\/\/www.lamaisondabel.fr\/\",\"name\":\"La Maison d&#039;Abel\",\"description\":\"Lac du Salagou - Maison en location saisonni\u00e8re - Ouvert toute l&#039;ann\u00e9e.\",\"potentialAction\":[{\"@type\":\"SearchAction\",\"target\":{\"@type\":\"EntryPoint\",\"urlTemplate\":\"https:\/\/www.lamaisondabel.fr\/?s={search_term_string}\"},\"query-input\":\"required name=search_term_string\"}],\"inLanguage\":\"fr-FR\"}]}<\/script>\n<!-- \/ Yoast SEO plugin. -->","yoast_head_json":{"title":"Sp\u00e9cialit\u00e9s - La Maison d&#039;Abel","robots":{"index":"index","follow":"follow","max-snippet":"max-snippet:-1","max-image-preview":"max-image-preview:large","max-video-preview":"max-video-preview:-1"},"canonical":"https:\/\/www.lamaisondabel.fr\/index.php\/specialites\/","og_locale":"fr_FR","og_type":"article","og_title":"Sp\u00e9cialit\u00e9s - La Maison d&#039;Abel","og_description":"Pain paillasse de Lod\u00e8ve Un pain sp\u00e9cifique \u00e0 Lod\u00e8ve et \u00e0 sa r\u00e9gion &nbsp; Photo de www.keldelice.com &#8211; Lien vers cette page pour plus d&#8217;infos \u00e0 ce sujet Photo de wikip\u00e9dia &#8211; Lien vers cette page pour plus d&#8217;infos \u00e0 ce sujet &nbsp; &nbsp; Vous trouverez sur les march\u00e9s \u00e9galement le pain de Millau, la [&hellip;]","og_url":"https:\/\/www.lamaisondabel.fr\/index.php\/specialites\/","og_site_name":"La Maison d&#039;Abel","article_modified_time":"2019-03-10T14:58:44+00:00","og_image":[{"url":"http:\/\/www.lamaisondabel.fr\/wp-content\/uploads\/2019\/03\/pain-paillasse-de-lodeve-300x220.jpg"}],"twitter_card":"summary_large_image","schema":{"@context":"https:\/\/schema.org","@graph":[{"@type":"WebPage","@id":"https:\/\/www.lamaisondabel.fr\/index.php\/specialites\/","url":"https:\/\/www.lamaisondabel.fr\/index.php\/specialites\/","name":"Sp\u00e9cialit\u00e9s - La Maison d&#039;Abel","isPartOf":{"@id":"https:\/\/www.lamaisondabel.fr\/#website"},"primaryImageOfPage":{"@id":"https:\/\/www.lamaisondabel.fr\/index.php\/specialites\/#primaryimage"},"image":{"@id":"https:\/\/www.lamaisondabel.fr\/index.php\/specialites\/#primaryimage"},"thumbnailUrl":"http:\/\/www.lamaisondabel.fr\/wp-content\/uploads\/2019\/03\/pain-paillasse-de-lodeve-300x220.jpg","datePublished":"2019-03-10T14:46:29+00:00","dateModified":"2019-03-10T14:58:44+00:00","breadcrumb":{"@id":"https:\/\/www.lamaisondabel.fr\/index.php\/specialites\/#breadcrumb"},"inLanguage":"fr-FR","potentialAction":[{"@type":"ReadAction","target":["https:\/\/www.lamaisondabel.fr\/index.php\/specialites\/"]}]},{"@type":"ImageObject","inLanguage":"fr-FR","@id":"https:\/\/www.lamaisondabel.fr\/index.php\/specialites\/#primaryimage","url":"https:\/\/www.lamaisondabel.fr\/wp-content\/uploads\/2019\/03\/pain-paillasse-de-lodeve.jpg","contentUrl":"https:\/\/www.lamaisondabel.fr\/wp-content\/uploads\/2019\/03\/pain-paillasse-de-lodeve.jpg","width":547,"height":402},{"@type":"BreadcrumbList","@id":"https:\/\/www.lamaisondabel.fr\/index.php\/specialites\/#breadcrumb","itemListElement":[{"@type":"ListItem","position":1,"name":"Accueil","item":"https:\/\/www.lamaisondabel.fr\/"},{"@type":"ListItem","position":2,"name":"Sp\u00e9cialit\u00e9s"}]},{"@type":"WebSite","@id":"https:\/\/www.lamaisondabel.fr\/#website","url":"https:\/\/www.lamaisondabel.fr\/","name":"La Maison d&#039;Abel","description":"Lac du Salagou - Maison en location saisonni\u00e8re - Ouvert toute l&#039;ann\u00e9e.","potentialAction":[{"@type":"SearchAction","target":{"@type":"EntryPoint","urlTemplate":"https:\/\/www.lamaisondabel.fr\/?s={search_term_string}"},"query-input":"required name=search_term_string"}],"inLanguage":"fr-FR"}]}},"_links":{"self":[{"href":"https:\/\/www.lamaisondabel.fr\/index.php\/wp-json\/wp\/v2\/pages\/1180"}],"collection":[{"href":"https:\/\/www.lamaisondabel.fr\/index.php\/wp-json\/wp\/v2\/pages"}],"about":[{"href":"https:\/\/www.lamaisondabel.fr\/index.php\/wp-json\/wp\/v2\/types\/page"}],"author":[{"embeddable":true,"href":"https:\/\/www.lamaisondabel.fr\/index.php\/wp-json\/wp\/v2\/users\/1"}],"replies":[{"embeddable":true,"href":"https:\/\/www.lamaisondabel.fr\/index.php\/wp-json\/wp\/v2\/comments?post=1180"}],"version-history":[{"count":8,"href":"https:\/\/www.lamaisondabel.fr\/index.php\/wp-json\/wp\/v2\/pages\/1180\/revisions"}],"predecessor-version":[{"id":1192,"href":"https:\/\/www.lamaisondabel.fr\/index.php\/wp-json\/wp\/v2\/pages\/1180\/revisions\/1192"}],"wp:attachment":[{"href":"https:\/\/www.lamaisondabel.fr\/index.php\/wp-json\/wp\/v2\/media?parent=1180"}],"curies":[{"name":"wp","href":"https:\/\/api.w.org\/{rel}","templated":true}]}}