{"id":155,"date":"2019-03-04T09:38:34","date_gmt":"2019-03-04T09:38:34","guid":{"rendered":"http:\/\/www.lamaisondabel.fr\/wordpress_o\/?page_id=155"},"modified":"2019-03-06T14:16:00","modified_gmt":"2019-03-06T14:16:00","slug":"les-caves-de-roquefort","status":"publish","type":"page","link":"https:\/\/www.lamaisondabel.fr\/index.php\/les-caves-de-roquefort\/","title":{"rendered":"Les caves de Roquefort"},"content":{"rendered":"<section id=\"h.p_TM4-R7ADJrsY\" class=\"yaqOZd LB7kq tpmmCb gk8rDe\">\n<div class=\"mYVXT\">\n<div class=\"LS81yb VICjCf\" tabindex=\"-1\">\n<div class=\"hJDwNd-AhqUyc-uQSCkd purZT-AhqUyc-II5mzb pSzOP-AhqUyc-qWD73c JNdkSc\">\n<div class=\"oKdM2c\">\n<div id=\"h.p_CGOhCuXqJrsp\" class=\"hJDwNd-AhqUyc-OiUrBf jXK9ad D2fZ2 OjCsFc wHaque GNzUNc\">\n<div class=\"jXK9ad-SmKAyb jXK9ad-SmKAyb-c4YZDc\">\n<div class=\"tyJCtd mGzaTb baZpAe lkHyyc\">\n<h1 id=\"h.p_Yxpx_DrSJrsu\" class=\"zfr3Q duRjpb\"><\/h1>\n<\/div>\n<\/div>\n<\/div>\n<\/div>\n<\/div>\n<\/div>\n<\/div>\n<\/section>\n<section id=\"h.p_FDmmMxT2J5tJ\" class=\"yaqOZd\">\n<div class=\"mYVXT\">\n<div class=\"LS81yb VICjCf\" tabindex=\"-1\">\n<div class=\"hJDwNd-AhqUyc-uQSCkd purZT-AhqUyc-II5mzb pSzOP-AhqUyc-qWD73c JNdkSc yYI8W \">\n<div class=\"oKdM2c\">\n<div id=\"h.p_iJlSArvJ8ima\" class=\"hJDwNd-AhqUyc-uQSCkd jXK9ad D2fZ2 OjCsFc\">\n<div class=\"jXK9ad-SmKAyb jXK9ad-SmKAyb-c4YZDc\">\n<div class=\"tyJCtd baZpAe\">\n<div>\n<div class=\"WIdY2d M1aSXe\" style=\"text-align: center;\">\n<div><\/div>\n<p><iframe class=\"YMEQtf\" src=\"https:\/\/www.youtube.com\/embed\/1dCo5vyhon0\" frameborder=\"0\" allowfullscreen=\"allowfullscreen\" aria-label=\"YouTube Video, Roquefort-sur-Soulzon : ma visite des caves de Roquefort \u2665 Bree\" data-iframe-loaded=\"true\" data-mce-fragment=\"1\"><\/iframe><\/p>\n<\/div>\n<\/div>\n<\/div>\n<\/div>\n<\/div>\n<\/div>\n<div class=\"oKdM2c\">\n<div id=\"h.p_bodkph8zJ5tE\" class=\"hJDwNd-AhqUyc-uQSCkd jXK9ad D2fZ2 wHaque GNzUNc\">\n<div class=\"jXK9ad-SmKAyb jXK9ad-SmKAyb-c4YZDc\">\n<div class=\"tyJCtd mGzaTb baZpAe\"><\/div>\n<\/div>\n<\/div>\n<\/div>\n<\/div>\n<\/div>\n<\/div>\n<\/section>\n<div class=\"yaqOZd IFuOkc\"><\/div>\n<div><img loading=\"lazy\" decoding=\"async\" class=\"aligncenter size-medium wp-image-529\" src=\"http:\/\/www.lamaisondabel.fr\/wordpress_o\/wp-content\/uploads\/2019\/03\/region_roquefort_1-300x150.jpg\" alt=\"\" width=\"300\" height=\"150\" srcset=\"https:\/\/www.lamaisondabel.fr\/wp-content\/uploads\/2019\/03\/region_roquefort_1-300x150.jpg 300w, https:\/\/www.lamaisondabel.fr\/wp-content\/uploads\/2019\/03\/region_roquefort_1-50x25.jpg 50w, https:\/\/www.lamaisondabel.fr\/wp-content\/uploads\/2019\/03\/region_roquefort_1.jpg 318w\" sizes=\"(max-width: 300px) 100vw, 300px\" \/><\/div>\n<div><\/div>\n<section id=\"h.p_g17EpHJkJ_N2\" class=\"yaqOZd\">\n<div class=\"mYVXT\">\n<div class=\"LS81yb VICjCf\" tabindex=\"-1\">\n<div class=\"hJDwNd-AhqUyc-uQSCkd purZT-AhqUyc-II5mzb pSzOP-AhqUyc-qWD73c JNdkSc\">\n<div class=\"oKdM2c\">\n<div id=\"h.p_hCzWAjcEJ_Nu\" class=\"hJDwNd-AhqUyc-uQSCkd jXK9ad D2fZ2 OjCsFc wHaque GNzUNc\">\n<div class=\"jXK9ad-SmKAyb jXK9ad-SmKAyb-c4YZDc\">\n<div class=\"tyJCtd mGzaTb baZpAe\">\n<p id=\"h.p_7p_20cXkJ_Nz\" class=\"zfr3Q\" style=\"text-align: center;\"><strong>D\u00e9couvrir le village, les caves, les brebis, la fabrication du fameux Roquefort&#8230;<\/strong><\/p>\n<p id=\"h.p_VQP9HDUMKDD9\" class=\"zfr3Q\" style=\"text-align: center;\">Les caves sont am\u00e9nag\u00e9es en \u00e9tages superpos\u00e9s. Elles sont ventil\u00e9es par les fleurines (failles).<\/p>\n<p id=\"h.p_xjSu00e_KDEA\" class=\"zfr3Q\" style=\"text-align: center;\">En raison de ce proc\u00e9d\u00e9 naturel les cave sont maintenues \u00e0 une temp\u00e9rature constante \u00e9t\u00e9 comme hiver : de 8\u00b0C \u00e0 10\u00b0C et une hygrom\u00e9trie de 95% gr\u00e2ce \u00e0 l&#8217;infiltration de l&#8217;eau par l&#8217;\u00e9boulis.<\/p>\n<p id=\"h.p_Y07o-YnHKDEB\" class=\"zfr3Q\" style=\"text-align: center;\">Vous pourrez visiter les caves d&#8217;affinage toute l&#8217;ann\u00e9e.<\/p>\n<p id=\"h.p_5UzXUUVMKDEB\" class=\"zfr3Q\" style=\"text-align: center;\">\n<\/div>\n<\/div>\n<\/div>\n<\/div>\n<\/div>\n<\/div>\n<\/div>\n<\/section>\n<section id=\"h.p_OGmiK-tZKBBm\" class=\"yaqOZd\">\n<div class=\"yaqOZd IFuOkc\"><\/div>\n<div class=\"mYVXT\">\n<div class=\"LS81yb VICjCf\" tabindex=\"-1\">\n<div class=\"hJDwNd-AhqUyc-uQSCkd purZT-AhqUyc-II5mzb pSzOP-AhqUyc-qWD73c JNdkSc\">\n<div class=\"oKdM2c\">\n<div class=\"hJDwNd-AhqUyc-c5RTEf jXK9ad D2fZ2 OjCsFc wHaque L6cTce-purZT L6cTce-pSzOP\">\n<div class=\"jXK9ad-SmKAyb jXK9ad-SmKAyb-c4YZDc\">\n<div class=\"tyJCtd baZpAe\">\n<p><img loading=\"lazy\" decoding=\"async\" class=\"aligncenter size-full wp-image-530\" src=\"http:\/\/www.lamaisondabel.fr\/wordpress_o\/wp-content\/uploads\/2019\/03\/region_roquefort_2.jpg\" alt=\"\" width=\"276\" height=\"183\" srcset=\"https:\/\/www.lamaisondabel.fr\/wp-content\/uploads\/2019\/03\/region_roquefort_2.jpg 276w, https:\/\/www.lamaisondabel.fr\/wp-content\/uploads\/2019\/03\/region_roquefort_2-50x33.jpg 50w\" sizes=\"(max-width: 276px) 100vw, 276px\" \/><\/p>\n<\/div>\n<\/div>\n<\/div>\n<\/div>\n<\/div>\n<\/div>\n<\/div>\n<hr \/>\n<p style=\"text-align: center;\"><em><strong>Une belle journ\u00e9e en perspective \u00e0 55 minutes de la maison d&#8217;Abel<\/strong><\/em><\/p>\n<h6 style=\"text-align: center;\">Cliquez sur le logo de Google Map pour voir l&#8217;itin\u00e9raire propos\u00e9<\/h6>\n<p style=\"text-align: center;\"><a href=\"https:\/\/goo.gl\/maps\/wUf2Q7CCTX82\"><img loading=\"lazy\" decoding=\"async\" class=\"wp-image-698 aligncenter\" src=\"http:\/\/www.lamaisondabel.fr\/wordpress_o\/wp-content\/uploads\/2019\/03\/google_map.png\" alt=\"\" width=\"134\" height=\"136\" srcset=\"https:\/\/www.lamaisondabel.fr\/wp-content\/uploads\/2019\/03\/google_map.png 223w, https:\/\/www.lamaisondabel.fr\/wp-content\/uploads\/2019\/03\/google_map-50x50.png 50w\" sizes=\"(max-width: 134px) 100vw, 134px\" \/><\/a><\/p>\n<\/section>\n<h6 style=\"text-align: center;\">Vous souhaitant une belle journ\u00e9e dans ce lieu !<\/h6>\n<p style=\"text-align: center;\">Distance approximative : 70 km<\/p>\n<hr \/>\n<p>&nbsp;<\/p>\n","protected":false},"excerpt":{"rendered":"<p>D\u00e9couvrir le village, les caves, les brebis, la fabrication du fameux Roquefort&#8230; Les caves sont am\u00e9nag\u00e9es en \u00e9tages superpos\u00e9s. Elles sont ventil\u00e9es par les fleurines (failles). En raison de ce proc\u00e9d\u00e9 naturel les cave sont maintenues \u00e0 une temp\u00e9rature constante \u00e9t\u00e9 comme hiver : de 8\u00b0C \u00e0 10\u00b0C et une hygrom\u00e9trie de 95% gr\u00e2ce \u00e0 [&hellip;]<\/p>\n","protected":false},"author":1,"featured_media":0,"parent":0,"menu_order":0,"comment_status":"closed","ping_status":"closed","template":"","meta":{"footnotes":""},"wppr_data":{"cwp_meta_box_check":"No"},"yoast_head":"<!-- This site is optimized with the Yoast SEO plugin v22.8 - https:\/\/yoast.com\/wordpress\/plugins\/seo\/ -->\n<title>Les caves de Roquefort - La Maison d&#039;Abel<\/title>\n<meta name=\"robots\" content=\"index, follow, max-snippet:-1, max-image-preview:large, max-video-preview:-1\" \/>\n<link rel=\"canonical\" href=\"https:\/\/www.lamaisondabel.fr\/index.php\/les-caves-de-roquefort\/\" \/>\n<meta property=\"og:locale\" content=\"fr_FR\" \/>\n<meta property=\"og:type\" content=\"article\" \/>\n<meta property=\"og:title\" content=\"Les caves de Roquefort - La Maison d&#039;Abel\" \/>\n<meta property=\"og:description\" content=\"D\u00e9couvrir le village, les caves, les brebis, la fabrication du fameux Roquefort&#8230; Les caves sont am\u00e9nag\u00e9es en \u00e9tages superpos\u00e9s. Elles sont ventil\u00e9es par les fleurines (failles). En raison de ce proc\u00e9d\u00e9 naturel les cave sont maintenues \u00e0 une temp\u00e9rature constante \u00e9t\u00e9 comme hiver : de 8\u00b0C \u00e0 10\u00b0C et une hygrom\u00e9trie de 95% gr\u00e2ce \u00e0 [&hellip;]\" \/>\n<meta property=\"og:url\" content=\"https:\/\/www.lamaisondabel.fr\/index.php\/les-caves-de-roquefort\/\" \/>\n<meta property=\"og:site_name\" content=\"La Maison d&#039;Abel\" \/>\n<meta property=\"article:modified_time\" content=\"2019-03-06T14:16:00+00:00\" \/>\n<meta property=\"og:image\" content=\"http:\/\/www.lamaisondabel.fr\/wordpress_o\/wp-content\/uploads\/2019\/03\/region_roquefort_1-300x150.jpg\" \/>\n<meta name=\"twitter:card\" content=\"summary_large_image\" \/>\n<meta name=\"twitter:label1\" content=\"Dur\u00e9e de lecture estim\u00e9e\" \/>\n\t<meta name=\"twitter:data1\" content=\"1 minute\" \/>\n<script type=\"application\/ld+json\" class=\"yoast-schema-graph\">{\"@context\":\"https:\/\/schema.org\",\"@graph\":[{\"@type\":\"WebPage\",\"@id\":\"https:\/\/www.lamaisondabel.fr\/index.php\/les-caves-de-roquefort\/\",\"url\":\"https:\/\/www.lamaisondabel.fr\/index.php\/les-caves-de-roquefort\/\",\"name\":\"Les caves de Roquefort - La Maison d&#039;Abel\",\"isPartOf\":{\"@id\":\"https:\/\/www.lamaisondabel.fr\/#website\"},\"primaryImageOfPage\":{\"@id\":\"https:\/\/www.lamaisondabel.fr\/index.php\/les-caves-de-roquefort\/#primaryimage\"},\"image\":{\"@id\":\"https:\/\/www.lamaisondabel.fr\/index.php\/les-caves-de-roquefort\/#primaryimage\"},\"thumbnailUrl\":\"http:\/\/www.lamaisondabel.fr\/wordpress_o\/wp-content\/uploads\/2019\/03\/region_roquefort_1-300x150.jpg\",\"datePublished\":\"2019-03-04T09:38:34+00:00\",\"dateModified\":\"2019-03-06T14:16:00+00:00\",\"breadcrumb\":{\"@id\":\"https:\/\/www.lamaisondabel.fr\/index.php\/les-caves-de-roquefort\/#breadcrumb\"},\"inLanguage\":\"fr-FR\",\"potentialAction\":[{\"@type\":\"ReadAction\",\"target\":[\"https:\/\/www.lamaisondabel.fr\/index.php\/les-caves-de-roquefort\/\"]}]},{\"@type\":\"ImageObject\",\"inLanguage\":\"fr-FR\",\"@id\":\"https:\/\/www.lamaisondabel.fr\/index.php\/les-caves-de-roquefort\/#primaryimage\",\"url\":\"https:\/\/www.lamaisondabel.fr\/wp-content\/uploads\/2019\/03\/region_roquefort_1.jpg\",\"contentUrl\":\"https:\/\/www.lamaisondabel.fr\/wp-content\/uploads\/2019\/03\/region_roquefort_1.jpg\",\"width\":318,\"height\":159},{\"@type\":\"BreadcrumbList\",\"@id\":\"https:\/\/www.lamaisondabel.fr\/index.php\/les-caves-de-roquefort\/#breadcrumb\",\"itemListElement\":[{\"@type\":\"ListItem\",\"position\":1,\"name\":\"Accueil\",\"item\":\"https:\/\/www.lamaisondabel.fr\/\"},{\"@type\":\"ListItem\",\"position\":2,\"name\":\"Les caves de Roquefort\"}]},{\"@type\":\"WebSite\",\"@id\":\"https:\/\/www.lamaisondabel.fr\/#website\",\"url\":\"https:\/\/www.lamaisondabel.fr\/\",\"name\":\"La Maison d&#039;Abel\",\"description\":\"Lac du Salagou - Maison en location saisonni\u00e8re - Ouvert toute l&#039;ann\u00e9e.\",\"potentialAction\":[{\"@type\":\"SearchAction\",\"target\":{\"@type\":\"EntryPoint\",\"urlTemplate\":\"https:\/\/www.lamaisondabel.fr\/?s={search_term_string}\"},\"query-input\":\"required name=search_term_string\"}],\"inLanguage\":\"fr-FR\"}]}<\/script>\n<!-- \/ Yoast SEO plugin. -->","yoast_head_json":{"title":"Les caves de Roquefort - La Maison d&#039;Abel","robots":{"index":"index","follow":"follow","max-snippet":"max-snippet:-1","max-image-preview":"max-image-preview:large","max-video-preview":"max-video-preview:-1"},"canonical":"https:\/\/www.lamaisondabel.fr\/index.php\/les-caves-de-roquefort\/","og_locale":"fr_FR","og_type":"article","og_title":"Les caves de Roquefort - La Maison d&#039;Abel","og_description":"D\u00e9couvrir le village, les caves, les brebis, la fabrication du fameux Roquefort&#8230; Les caves sont am\u00e9nag\u00e9es en \u00e9tages superpos\u00e9s. Elles sont ventil\u00e9es par les fleurines (failles). En raison de ce proc\u00e9d\u00e9 naturel les cave sont maintenues \u00e0 une temp\u00e9rature constante \u00e9t\u00e9 comme hiver : de 8\u00b0C \u00e0 10\u00b0C et une hygrom\u00e9trie de 95% gr\u00e2ce \u00e0 [&hellip;]","og_url":"https:\/\/www.lamaisondabel.fr\/index.php\/les-caves-de-roquefort\/","og_site_name":"La Maison d&#039;Abel","article_modified_time":"2019-03-06T14:16:00+00:00","og_image":[{"url":"http:\/\/www.lamaisondabel.fr\/wordpress_o\/wp-content\/uploads\/2019\/03\/region_roquefort_1-300x150.jpg"}],"twitter_card":"summary_large_image","twitter_misc":{"Dur\u00e9e de lecture estim\u00e9e":"1 minute"},"schema":{"@context":"https:\/\/schema.org","@graph":[{"@type":"WebPage","@id":"https:\/\/www.lamaisondabel.fr\/index.php\/les-caves-de-roquefort\/","url":"https:\/\/www.lamaisondabel.fr\/index.php\/les-caves-de-roquefort\/","name":"Les caves de Roquefort - La Maison d&#039;Abel","isPartOf":{"@id":"https:\/\/www.lamaisondabel.fr\/#website"},"primaryImageOfPage":{"@id":"https:\/\/www.lamaisondabel.fr\/index.php\/les-caves-de-roquefort\/#primaryimage"},"image":{"@id":"https:\/\/www.lamaisondabel.fr\/index.php\/les-caves-de-roquefort\/#primaryimage"},"thumbnailUrl":"http:\/\/www.lamaisondabel.fr\/wordpress_o\/wp-content\/uploads\/2019\/03\/region_roquefort_1-300x150.jpg","datePublished":"2019-03-04T09:38:34+00:00","dateModified":"2019-03-06T14:16:00+00:00","breadcrumb":{"@id":"https:\/\/www.lamaisondabel.fr\/index.php\/les-caves-de-roquefort\/#breadcrumb"},"inLanguage":"fr-FR","potentialAction":[{"@type":"ReadAction","target":["https:\/\/www.lamaisondabel.fr\/index.php\/les-caves-de-roquefort\/"]}]},{"@type":"ImageObject","inLanguage":"fr-FR","@id":"https:\/\/www.lamaisondabel.fr\/index.php\/les-caves-de-roquefort\/#primaryimage","url":"https:\/\/www.lamaisondabel.fr\/wp-content\/uploads\/2019\/03\/region_roquefort_1.jpg","contentUrl":"https:\/\/www.lamaisondabel.fr\/wp-content\/uploads\/2019\/03\/region_roquefort_1.jpg","width":318,"height":159},{"@type":"BreadcrumbList","@id":"https:\/\/www.lamaisondabel.fr\/index.php\/les-caves-de-roquefort\/#breadcrumb","itemListElement":[{"@type":"ListItem","position":1,"name":"Accueil","item":"https:\/\/www.lamaisondabel.fr\/"},{"@type":"ListItem","position":2,"name":"Les caves de Roquefort"}]},{"@type":"WebSite","@id":"https:\/\/www.lamaisondabel.fr\/#website","url":"https:\/\/www.lamaisondabel.fr\/","name":"La Maison d&#039;Abel","description":"Lac du Salagou - Maison en location saisonni\u00e8re - Ouvert toute l&#039;ann\u00e9e.","potentialAction":[{"@type":"SearchAction","target":{"@type":"EntryPoint","urlTemplate":"https:\/\/www.lamaisondabel.fr\/?s={search_term_string}"},"query-input":"required name=search_term_string"}],"inLanguage":"fr-FR"}]}},"_links":{"self":[{"href":"https:\/\/www.lamaisondabel.fr\/index.php\/wp-json\/wp\/v2\/pages\/155"}],"collection":[{"href":"https:\/\/www.lamaisondabel.fr\/index.php\/wp-json\/wp\/v2\/pages"}],"about":[{"href":"https:\/\/www.lamaisondabel.fr\/index.php\/wp-json\/wp\/v2\/types\/page"}],"author":[{"embeddable":true,"href":"https:\/\/www.lamaisondabel.fr\/index.php\/wp-json\/wp\/v2\/users\/1"}],"replies":[{"embeddable":true,"href":"https:\/\/www.lamaisondabel.fr\/index.php\/wp-json\/wp\/v2\/comments?post=155"}],"version-history":[{"count":10,"href":"https:\/\/www.lamaisondabel.fr\/index.php\/wp-json\/wp\/v2\/pages\/155\/revisions"}],"predecessor-version":[{"id":702,"href":"https:\/\/www.lamaisondabel.fr\/index.php\/wp-json\/wp\/v2\/pages\/155\/revisions\/702"}],"wp:attachment":[{"href":"https:\/\/www.lamaisondabel.fr\/index.php\/wp-json\/wp\/v2\/media?parent=155"}],"curies":[{"name":"wp","href":"https:\/\/api.w.org\/{rel}","templated":true}]}}