{"id":1551,"date":"2019-03-26T12:59:37","date_gmt":"2019-03-26T12:59:37","guid":{"rendered":"http:\/\/www.lamaisondabel.fr\/?page_id=1551"},"modified":"2025-06-05T16:47:30","modified_gmt":"2025-06-05T16:47:30","slug":"livret_localvelos","status":"publish","type":"page","link":"https:\/\/www.lamaisondabel.fr\/index.php\/livret_localvelos\/","title":{"rendered":"Local \u00e0 v\u00e9los"},"content":{"rendered":"<p style=\"text-align: center;\">\u00a0<\/p>\n<p style=\"text-align: center;\">\u00a0<\/p>\n<p>&nbsp;<\/p>\n<p style=\"text-align: center;\"><img loading=\"lazy\" decoding=\"async\" class=\"aligncenter size-thumbnail wp-image-1307\" src=\"http:\/\/www.lamaisondabel.fr\/wp-content\/uploads\/2019\/03\/vtt-150x150.jpg\" alt=\"\" width=\"150\" height=\"150\" \/><\/p>\n<p>&nbsp;<\/p>\n<ul>\n<li style=\"text-align: left;\">Local ferm\u00e9 \u00e0 clef (clef plate sur le trousseau)<\/li>\n<li style=\"text-align: left;\">R\u00e2telier au sol, en acier galvanis\u00e9, support pour cinq v\u00e9los.<\/li>\n<li style=\"text-align: left;\">Un robinet et son tuyau pour un nettoyage \u00e9ventuel de votre VTT.<\/li>\n<li>Local pouvant servir pour entreposer mat\u00e9riel ou \u00e9quipement de p\u00e8che&#8230;<\/li>\n<\/ul>\n<p style=\"text-align: center;\">\u00a0<\/p>\n<p>&nbsp;<\/p>\n<p style=\"text-align: center;\"><img loading=\"lazy\" decoding=\"async\" class=\"aligncenter size-thumbnail wp-image-82\" src=\"http:\/\/www.lamaisondabel.fr\/wp-content\/uploads\/2019\/03\/rack_velos-150x150.jpg\" alt=\"\" width=\"150\" height=\"150\" srcset=\"https:\/\/www.lamaisondabel.fr\/wp-content\/uploads\/2019\/03\/rack_velos-150x150.jpg 150w, https:\/\/www.lamaisondabel.fr\/wp-content\/uploads\/2019\/03\/rack_velos.jpg 200w\" sizes=\"(max-width: 150px) 100vw, 150px\" \/><\/p>\n","protected":false},"excerpt":{"rendered":"<p>\u00a0 \u00a0 &nbsp; &nbsp; Local ferm\u00e9 \u00e0 clef (clef plate sur le trousseau) R\u00e2telier au sol, en acier galvanis\u00e9, support pour cinq v\u00e9los. Un robinet et son tuyau pour un nettoyage \u00e9ventuel de votre VTT. Local pouvant servir pour entreposer mat\u00e9riel ou \u00e9quipement de p\u00e8che&#8230; \u00a0 &nbsp;<\/p>\n","protected":false},"author":1,"featured_media":0,"parent":0,"menu_order":0,"comment_status":"closed","ping_status":"closed","template":"","meta":{"footnotes":""},"wppr_data":{"cwp_meta_box_check":"No"},"yoast_head":"<!-- This site is optimized with the Yoast SEO plugin v22.8 - https:\/\/yoast.com\/wordpress\/plugins\/seo\/ -->\n<title>Local \u00e0 v\u00e9los - La Maison d&#039;Abel<\/title>\n<meta name=\"robots\" content=\"index, follow, max-snippet:-1, max-image-preview:large, max-video-preview:-1\" \/>\n<link rel=\"canonical\" href=\"https:\/\/www.lamaisondabel.fr\/index.php\/livret_localvelos\/\" \/>\n<meta property=\"og:locale\" content=\"fr_FR\" \/>\n<meta property=\"og:type\" content=\"article\" \/>\n<meta property=\"og:title\" content=\"Local \u00e0 v\u00e9los - La Maison d&#039;Abel\" \/>\n<meta property=\"og:description\" content=\"\u00a0 \u00a0 &nbsp; &nbsp; Local ferm\u00e9 \u00e0 clef (clef plate sur le trousseau) R\u00e2telier au sol, en acier galvanis\u00e9, support pour cinq v\u00e9los. Un robinet et son tuyau pour un nettoyage \u00e9ventuel de votre VTT. Local pouvant servir pour entreposer mat\u00e9riel ou \u00e9quipement de p\u00e8che&#8230; \u00a0 &nbsp;\" \/>\n<meta property=\"og:url\" content=\"https:\/\/www.lamaisondabel.fr\/index.php\/livret_localvelos\/\" \/>\n<meta property=\"og:site_name\" content=\"La Maison d&#039;Abel\" \/>\n<meta property=\"article:modified_time\" content=\"2025-06-05T16:47:30+00:00\" \/>\n<meta property=\"og:image\" content=\"http:\/\/www.lamaisondabel.fr\/wp-content\/uploads\/2019\/03\/vtt-150x150.jpg\" \/>\n<meta name=\"twitter:card\" content=\"summary_large_image\" \/>\n<meta name=\"twitter:label1\" content=\"Dur\u00e9e de lecture estim\u00e9e\" \/>\n\t<meta name=\"twitter:data1\" content=\"1 minute\" \/>\n<script type=\"application\/ld+json\" class=\"yoast-schema-graph\">{\"@context\":\"https:\/\/schema.org\",\"@graph\":[{\"@type\":\"WebPage\",\"@id\":\"https:\/\/www.lamaisondabel.fr\/index.php\/livret_localvelos\/\",\"url\":\"https:\/\/www.lamaisondabel.fr\/index.php\/livret_localvelos\/\",\"name\":\"Local \u00e0 v\u00e9los - La Maison d&#039;Abel\",\"isPartOf\":{\"@id\":\"https:\/\/www.lamaisondabel.fr\/#website\"},\"primaryImageOfPage\":{\"@id\":\"https:\/\/www.lamaisondabel.fr\/index.php\/livret_localvelos\/#primaryimage\"},\"image\":{\"@id\":\"https:\/\/www.lamaisondabel.fr\/index.php\/livret_localvelos\/#primaryimage\"},\"thumbnailUrl\":\"http:\/\/www.lamaisondabel.fr\/wp-content\/uploads\/2019\/03\/vtt-150x150.jpg\",\"datePublished\":\"2019-03-26T12:59:37+00:00\",\"dateModified\":\"2025-06-05T16:47:30+00:00\",\"breadcrumb\":{\"@id\":\"https:\/\/www.lamaisondabel.fr\/index.php\/livret_localvelos\/#breadcrumb\"},\"inLanguage\":\"fr-FR\",\"potentialAction\":[{\"@type\":\"ReadAction\",\"target\":[\"https:\/\/www.lamaisondabel.fr\/index.php\/livret_localvelos\/\"]}]},{\"@type\":\"ImageObject\",\"inLanguage\":\"fr-FR\",\"@id\":\"https:\/\/www.lamaisondabel.fr\/index.php\/livret_localvelos\/#primaryimage\",\"url\":\"https:\/\/www.lamaisondabel.fr\/wp-content\/uploads\/2019\/03\/vtt.jpg\",\"contentUrl\":\"https:\/\/www.lamaisondabel.fr\/wp-content\/uploads\/2019\/03\/vtt.jpg\",\"width\":283,\"height\":178},{\"@type\":\"BreadcrumbList\",\"@id\":\"https:\/\/www.lamaisondabel.fr\/index.php\/livret_localvelos\/#breadcrumb\",\"itemListElement\":[{\"@type\":\"ListItem\",\"position\":1,\"name\":\"Accueil\",\"item\":\"https:\/\/www.lamaisondabel.fr\/\"},{\"@type\":\"ListItem\",\"position\":2,\"name\":\"Local \u00e0 v\u00e9los\"}]},{\"@type\":\"WebSite\",\"@id\":\"https:\/\/www.lamaisondabel.fr\/#website\",\"url\":\"https:\/\/www.lamaisondabel.fr\/\",\"name\":\"La Maison d&#039;Abel\",\"description\":\"Lac du Salagou - Maison en location saisonni\u00e8re - Ouvert toute l&#039;ann\u00e9e.\",\"potentialAction\":[{\"@type\":\"SearchAction\",\"target\":{\"@type\":\"EntryPoint\",\"urlTemplate\":\"https:\/\/www.lamaisondabel.fr\/?s={search_term_string}\"},\"query-input\":\"required name=search_term_string\"}],\"inLanguage\":\"fr-FR\"}]}<\/script>\n<!-- \/ Yoast SEO plugin. -->","yoast_head_json":{"title":"Local \u00e0 v\u00e9los - La Maison d&#039;Abel","robots":{"index":"index","follow":"follow","max-snippet":"max-snippet:-1","max-image-preview":"max-image-preview:large","max-video-preview":"max-video-preview:-1"},"canonical":"https:\/\/www.lamaisondabel.fr\/index.php\/livret_localvelos\/","og_locale":"fr_FR","og_type":"article","og_title":"Local \u00e0 v\u00e9los - La Maison d&#039;Abel","og_description":"\u00a0 \u00a0 &nbsp; &nbsp; Local ferm\u00e9 \u00e0 clef (clef plate sur le trousseau) R\u00e2telier au sol, en acier galvanis\u00e9, support pour cinq v\u00e9los. Un robinet et son tuyau pour un nettoyage \u00e9ventuel de votre VTT. Local pouvant servir pour entreposer mat\u00e9riel ou \u00e9quipement de p\u00e8che&#8230; \u00a0 &nbsp;","og_url":"https:\/\/www.lamaisondabel.fr\/index.php\/livret_localvelos\/","og_site_name":"La Maison d&#039;Abel","article_modified_time":"2025-06-05T16:47:30+00:00","og_image":[{"url":"http:\/\/www.lamaisondabel.fr\/wp-content\/uploads\/2019\/03\/vtt-150x150.jpg"}],"twitter_card":"summary_large_image","twitter_misc":{"Dur\u00e9e de lecture estim\u00e9e":"1 minute"},"schema":{"@context":"https:\/\/schema.org","@graph":[{"@type":"WebPage","@id":"https:\/\/www.lamaisondabel.fr\/index.php\/livret_localvelos\/","url":"https:\/\/www.lamaisondabel.fr\/index.php\/livret_localvelos\/","name":"Local \u00e0 v\u00e9los - La Maison d&#039;Abel","isPartOf":{"@id":"https:\/\/www.lamaisondabel.fr\/#website"},"primaryImageOfPage":{"@id":"https:\/\/www.lamaisondabel.fr\/index.php\/livret_localvelos\/#primaryimage"},"image":{"@id":"https:\/\/www.lamaisondabel.fr\/index.php\/livret_localvelos\/#primaryimage"},"thumbnailUrl":"http:\/\/www.lamaisondabel.fr\/wp-content\/uploads\/2019\/03\/vtt-150x150.jpg","datePublished":"2019-03-26T12:59:37+00:00","dateModified":"2025-06-05T16:47:30+00:00","breadcrumb":{"@id":"https:\/\/www.lamaisondabel.fr\/index.php\/livret_localvelos\/#breadcrumb"},"inLanguage":"fr-FR","potentialAction":[{"@type":"ReadAction","target":["https:\/\/www.lamaisondabel.fr\/index.php\/livret_localvelos\/"]}]},{"@type":"ImageObject","inLanguage":"fr-FR","@id":"https:\/\/www.lamaisondabel.fr\/index.php\/livret_localvelos\/#primaryimage","url":"https:\/\/www.lamaisondabel.fr\/wp-content\/uploads\/2019\/03\/vtt.jpg","contentUrl":"https:\/\/www.lamaisondabel.fr\/wp-content\/uploads\/2019\/03\/vtt.jpg","width":283,"height":178},{"@type":"BreadcrumbList","@id":"https:\/\/www.lamaisondabel.fr\/index.php\/livret_localvelos\/#breadcrumb","itemListElement":[{"@type":"ListItem","position":1,"name":"Accueil","item":"https:\/\/www.lamaisondabel.fr\/"},{"@type":"ListItem","position":2,"name":"Local \u00e0 v\u00e9los"}]},{"@type":"WebSite","@id":"https:\/\/www.lamaisondabel.fr\/#website","url":"https:\/\/www.lamaisondabel.fr\/","name":"La Maison d&#039;Abel","description":"Lac du Salagou - Maison en location saisonni\u00e8re - Ouvert toute l&#039;ann\u00e9e.","potentialAction":[{"@type":"SearchAction","target":{"@type":"EntryPoint","urlTemplate":"https:\/\/www.lamaisondabel.fr\/?s={search_term_string}"},"query-input":"required name=search_term_string"}],"inLanguage":"fr-FR"}]}},"_links":{"self":[{"href":"https:\/\/www.lamaisondabel.fr\/index.php\/wp-json\/wp\/v2\/pages\/1551"}],"collection":[{"href":"https:\/\/www.lamaisondabel.fr\/index.php\/wp-json\/wp\/v2\/pages"}],"about":[{"href":"https:\/\/www.lamaisondabel.fr\/index.php\/wp-json\/wp\/v2\/types\/page"}],"author":[{"embeddable":true,"href":"https:\/\/www.lamaisondabel.fr\/index.php\/wp-json\/wp\/v2\/users\/1"}],"replies":[{"embeddable":true,"href":"https:\/\/www.lamaisondabel.fr\/index.php\/wp-json\/wp\/v2\/comments?post=1551"}],"version-history":[{"count":2,"href":"https:\/\/www.lamaisondabel.fr\/index.php\/wp-json\/wp\/v2\/pages\/1551\/revisions"}],"predecessor-version":[{"id":2217,"href":"https:\/\/www.lamaisondabel.fr\/index.php\/wp-json\/wp\/v2\/pages\/1551\/revisions\/2217"}],"wp:attachment":[{"href":"https:\/\/www.lamaisondabel.fr\/index.php\/wp-json\/wp\/v2\/media?parent=1551"}],"curies":[{"name":"wp","href":"https:\/\/api.w.org\/{rel}","templated":true}]}}