{"id":180,"date":"2019-03-04T09:45:22","date_gmt":"2019-03-04T09:45:22","guid":{"rendered":"http:\/\/www.lamaisondabel.fr\/wordpress_o\/?page_id=180"},"modified":"2024-06-03T18:39:28","modified_gmt":"2024-06-03T18:39:28","slug":"vtt-velo-randonnees","status":"publish","type":"page","link":"https:\/\/www.lamaisondabel.fr\/index.php\/vtt-velo-randonnees\/","title":{"rendered":"VTT &#038; v\u00e9lo &#8211; Randonn\u00e9es"},"content":{"rendered":"<section id=\"h.p_rvAhSpvXTQrD\" class=\"yaqOZd\">\n<div class=\"mYVXT\">\n<div class=\"LS81yb VICjCf\" tabindex=\"-1\">\n<div class=\"hJDwNd-AhqUyc-uQSCkd purZT-AhqUyc-II5mzb pSzOP-AhqUyc-qWD73c JNdkSc\">\n<div class=\"oKdM2c\">\n<div id=\"h.p_IOM9MOiGTQq7\" class=\"hJDwNd-AhqUyc-uQSCkd jXK9ad D2fZ2 OjCsFc wHaque GNzUNc\">\n<div class=\"jXK9ad-SmKAyb jXK9ad-SmKAyb-c4YZDc\">\n<div class=\"tyJCtd mGzaTb baZpAe\">\n<p id=\"h.p_LL6EzIerTQrA\" class=\"zfr3Q\">Label VTT : En lod\u00e9vois de nombreux circuits VTT<\/p>\n<p id=\"h.p_kjuUWJ_UTWGu\" class=\"zfr3Q\">Prenez les grands espaces&#8230;<\/p>\n<p id=\"h.p_c-hfhLJ-TWGw\" class=\"zfr3Q\">300 kilom\u00e8tres de chemins conventionn\u00e9s et labellis\u00e9s de randonn\u00e9e pedestre &#8211; 1 site d&#8217;escalade et 1 site VTT FFC de 423 km.<\/p>\n<p id=\"h.p_nuMW8-jyTWGx\" class=\"zfr3Q\">De tous niveaux de difficult\u00e9s : vert, bleu, rouge et noir<\/p>\n<\/div>\n<p>Location VTT \u00e0 proximit\u00e9 de la Maison d&#8217;Abel :<\/p>\n<div class=\"tyJCtd mGzaTb baZpAe\">\n<div class=\"s1gOZb\">\n<pre id=\"h.p_C7e5uNSETWGz\" class=\"zfr3Q FVr0A\"><code><\/code><\/pre>\n<\/div>\n<\/div>\n<\/div>\n<\/div>\n<\/div>\n<\/div>\n<\/div>\n<\/div>\n<\/section>\n<section id=\"h.p_JUjpK0oSTkPe\" class=\"yaqOZd lQAHbd\">\n<div class=\"mYVXT\">\n<div class=\"LS81yb VICjCf\" tabindex=\"-1\">\n<div class=\"hJDwNd-AhqUyc-uQSCkd purZT-AhqUyc-II5mzb pSzOP-AhqUyc-qWD73c JNdkSc\">\n<div class=\"oKdM2c\">\n<div id=\"h.p_FzZxPYMrTtv2\" class=\"hJDwNd-AhqUyc-OiUrBf jXK9ad D2fZ2 OjCsFc wHaque\">\n<div class=\"jXK9ad-SmKAyb jXK9ad-SmKAyb-c4YZDc\">\n<div class=\"tyJCtd baZpAe\">\n<div class=\"t3iYD\">\n<h1 class=\"PwMt2d\" style=\"text-align: center;\"><span style=\"font-size: 36px;\">REPARATIONS &#8211; VENTE &#8211; LOCATION<\/span><\/h1>\n<p id=\"h.p_ghB-nqA_in-F\" class=\"zfr3Q\" style=\"text-align: center;\"><span style=\"font-size: 36px;\">RDV Cycles &#8211; Centre Commercial Leclerc \u00e0 1.5 km de la maison<\/span><\/p>\n<p style=\"text-align: center;\"><span style=\"font-size: 36px;\"><a href=\"http:\/\/www.rdv-cycles.fr\/\">http:\/\/www.rdv-cycles.fr\/<\/a><\/span><\/p>\n<\/div>\n<\/div>\n<\/div>\n<\/div>\n<\/div>\n<\/div>\n<\/div>\n<\/div>\n<\/section>\n<section id=\"h.p_QZFKWhvFTqHQ\" class=\"yaqOZd\">\n<div class=\"mYVXT\">\n<div class=\"LS81yb VICjCf\" tabindex=\"-1\">\n<div class=\"hJDwNd-AhqUyc-uQSCkd purZT-AhqUyc-II5mzb pSzOP-AhqUyc-qWD73c JNdkSc\">\n<div class=\"oKdM2c\">\n<div id=\"h.p_ANpf5pFgTqHC\" class=\"hJDwNd-AhqUyc-uQSCkd jXK9ad D2fZ2 OjCsFc wHaque GNzUNc\">\n<div class=\"jXK9ad-SmKAyb jXK9ad-SmKAyb-c4YZDc\">\n<div class=\"tyJCtd mGzaTb baZpAe\">\n<p id=\"h.p_z1dpWSbyTqHH\" class=\"zfr3Q\" style=\"text-align: center;\">Le lac du Salagou avec ses dunes et ses canyons est tr\u00e8s appr\u00e9ci\u00e9 et pris\u00e9 des randonneurs particuli\u00e8rement \u00e0 VTT . Le pourtour de lac offre un long trac\u00e9 sinueux, vous avez la possibilit\u00e9 de faire le tour du lac &#8211; 28 km de berges sont am\u00e9nag\u00e9es en parcours. Un site unique de onze circuits et 240 kilom\u00e8tres de pistes reconnu par la F\u00e9d\u00e9ration Fran\u00e7aise de Cyclisme. De tous niveaux de difficult\u00e9s ces chemins vous m\u00e8neront \u00e0 la d\u00e9couverte des magnificences du Salagou \u00e0 cinq minutes de la Maison d&#8217;Abel &#8211; Acc\u00e8s au lac par Cartels du Bosc.<\/p>\n<\/div>\n<\/div>\n<\/div>\n<\/div>\n<\/div>\n<\/div>\n<\/div>\n<\/section>\n<section id=\"h.p_ZS0_jndKT8Om\" class=\"yaqOZd\">\n<div class=\"yaqOZd IFuOkc\">\u00a0<\/div>\n<div class=\"mYVXT\">\n<div class=\"LS81yb VICjCf\" tabindex=\"-1\">\n<div class=\"hJDwNd-AhqUyc-uQSCkd purZT-AhqUyc-II5mzb pSzOP-AhqUyc-qWD73c JNdkSc\">\n<div class=\"oKdM2c\">\n<div id=\"h.p_EY3pMuGgT8Oe\" class=\"hJDwNd-AhqUyc-uQSCkd jXK9ad D2fZ2 OjCsFc wHaque GNzUNc\">\n<div class=\"jXK9ad-SmKAyb jXK9ad-SmKAyb-c4YZDc\">\n<div class=\"tyJCtd mGzaTb baZpAe\">\n<div class=\"s1gOZb\" style=\"text-align: center;\">\n<h6 id=\"h.p_rAA2_aZoT8Ok\" class=\"zfr3Q FVr0A\"><code>OFFICE DE TOURISME DU LODEVOIS<\/code><\/h6>\n<h6 id=\"h.p_Gzwqgs45T-CO\" class=\"zfr3Q FVr0A\"><code>Maison du Tourisme - 7 Place de la R\u00e9publique<\/code><\/h6>\n<h6 id=\"h.p_3bszygssT-CR\" class=\"zfr3Q FVr0A\"><code>34700 LODEVE \u2013 France<\/code><\/h6>\n<h6 id=\"h.p_u-YLJOLTT-CS\" class=\"zfr3Q FVr0A\"><code>T\u00e9l. (33) 04.67.88.86.44<\/code><\/h6>\n<h6 id=\"h.p_pjOwLtQKT-CT\" class=\"zfr3Q FVr0A\"><code>Fax : (33) 04.67.44.07.56<\/code><\/h6>\n<h6 id=\"h.p_J_Jb4uetT-CU\" class=\"zfr3Q FVr0A\"><code>E-mail : ot34lodevois@lodeve.com  <\/code><\/h6>\n<\/div>\n<\/div>\n<\/div>\n<\/div>\n<\/div>\n<\/div>\n<\/div>\n<\/div>\n<\/section>\n<section id=\"h.p_1apU5FXsPeUO\" class=\"yaqOZd\">\n<div class=\"yaqOZd IFuOkc\">\u00a0<\/div>\n<div class=\"mYVXT\">\n<div class=\"LS81yb VICjCf\" tabindex=\"-1\">\n<div class=\"hJDwNd-AhqUyc-uQSCkd purZT-AhqUyc-II5mzb pSzOP-AhqUyc-qWD73c JNdkSc\">\n<div class=\"oKdM2c\">\n<div class=\"hJDwNd-AhqUyc-c5RTEf jXK9ad D2fZ2 OjCsFc wHaque L6cTce-purZT L6cTce-pSzOP\">\n<div class=\"jXK9ad-SmKAyb jXK9ad-SmKAyb-c4YZDc\">\n<div class=\"tyJCtd baZpAe\">\u00a0<\/div>\n<\/div>\n<\/div>\n<div id=\"h.p_2UIVtM3xPeUL\" class=\"hJDwNd-AhqUyc-qWD73c jXK9ad D2fZ2 OjCsFc wHaque\">\n<div class=\"jXK9ad-SmKAyb jXK9ad-SmKAyb-c4YZDc\">\n<div class=\"tyJCtd baZpAe\">\n<div>\n<div class=\"zGRpZc\" style=\"text-align: center;\"><a class=\"TqzB8b\" href=\"https:\/\/www.google.com\/url?q=https%3A%2F%2Fsitesvtt.ffc.fr%2Ftrace-vtt%2Flodevois-et-larzac%2F&amp;sa=D&amp;sntz=1&amp;usg=AFQjCNGlCzjceAwNunElySJLAwgr-Zo_8A\" target=\"_blank\" rel=\"noopener noreferrer\"><span class=\"vBSm9c\"><span class=\"nWW5Nb zfr3Q OmQG5e\">Lodevois et Larzac &#8211; Sites VTT<\/span><span class=\"nWW5Nb zfr3Q\">Sportifs ou randonneurs, d\u00e9couvrez cet espace VTT lov\u00e9 entre les Grands Sites du cirque de Navacelles et du Salagou. A partir du Caylar en Larzac, terre d\u2019agropastoralisme ou de plaine m\u00e9diterran\u00e9enne en bordure de Salagou, c\u00e9l\u00e8bre spot VTT, vous traverserez par le biais de circuits aux d\u00e9nivel\u00e9s quelquefois sportifs des paysages tr\u00e8s vari\u00e9s (rochers ruiniformes, \u2026<\/span><\/span><\/a><\/div>\n<\/div>\n<\/div>\n<\/div>\n<\/div>\n<\/div>\n<\/div>\n<div>\n<div>\u00a0<\/div>\n<div>\u00a0<\/div>\n<div>\u00a0<\/div>\n<h1 class=\"PwMt2d\" style=\"text-align: center;\"><span style=\"font-size: 14px;\">REPARATIONS &#8211; VENTE &#8211; LOCATION<\/span><\/h1>\n<p id=\"h.p_ghB-nqA_in-F\" class=\"zfr3Q\" style=\"text-align: center;\"><span style=\"font-size: 14px;\">RDV Cycles &#8211; Centre Commercial Leclerc \u00e0 1.5 km de la maison<\/span><\/p>\n<p style=\"text-align: center;\"><span style=\"font-size: 14px;\"><a href=\"http:\/\/www.rdv-cycles.fr\/\">http:\/\/www.rdv-cycles.fr\/<\/a><\/span><\/p>\n<p id=\"h.p_Thl_QhJ-izCm\" class=\"zfr3Q\" style=\"text-align: center;\">\u00a0<\/p>\n<\/div>\n<\/div>\n<\/div>\n<\/section>\n<section id=\"h.p_1apU5FXsPeUO\" class=\"yaqOZd\">\n<div class=\"mYVXT\">\n<div class=\"LS81yb VICjCf\" tabindex=\"-1\">\n<div>\n<p>&nbsp;<\/p>\n<\/div>\n<p style=\"text-align: center;\"><img loading=\"lazy\" decoding=\"async\" class=\"aligncenter size-full wp-image-1307\" src=\"http:\/\/www.lamaisondabel.fr\/wp-content\/uploads\/2019\/03\/vtt.jpg\" alt=\"\" width=\"283\" height=\"178\" srcset=\"https:\/\/www.lamaisondabel.fr\/wp-content\/uploads\/2019\/03\/vtt.jpg 283w, https:\/\/www.lamaisondabel.fr\/wp-content\/uploads\/2019\/03\/vtt-50x31.jpg 50w\" sizes=\"(max-width: 283px) 100vw, 283px\" \/><\/p>\n<\/div>\n<\/div>\n<\/section>\n","protected":false},"excerpt":{"rendered":"<p>Label VTT : En lod\u00e9vois de nombreux circuits VTT Prenez les grands espaces&#8230; 300 kilom\u00e8tres de chemins conventionn\u00e9s et labellis\u00e9s de randonn\u00e9e pedestre &#8211; 1 site d&#8217;escalade et 1 site VTT FFC de 423 km. De tous niveaux de difficult\u00e9s : vert, bleu, rouge et noir Location VTT \u00e0 proximit\u00e9 de la Maison d&#8217;Abel : [&hellip;]<\/p>\n","protected":false},"author":1,"featured_media":0,"parent":0,"menu_order":0,"comment_status":"closed","ping_status":"closed","template":"","meta":{"footnotes":""},"wppr_data":{"cwp_meta_box_check":"No"},"yoast_head":"<!-- This site is optimized with the Yoast SEO plugin v22.8 - https:\/\/yoast.com\/wordpress\/plugins\/seo\/ -->\n<title>VTT &amp; v\u00e9lo - Randonn\u00e9es - La Maison d&#039;Abel<\/title>\n<meta name=\"robots\" content=\"index, follow, max-snippet:-1, max-image-preview:large, max-video-preview:-1\" \/>\n<link rel=\"canonical\" href=\"https:\/\/www.lamaisondabel.fr\/index.php\/vtt-velo-randonnees\/\" \/>\n<meta property=\"og:locale\" content=\"fr_FR\" \/>\n<meta property=\"og:type\" content=\"article\" \/>\n<meta property=\"og:title\" content=\"VTT &amp; v\u00e9lo - Randonn\u00e9es - La Maison d&#039;Abel\" \/>\n<meta property=\"og:description\" content=\"Label VTT : En lod\u00e9vois de nombreux circuits VTT Prenez les grands espaces&#8230; 300 kilom\u00e8tres de chemins conventionn\u00e9s et labellis\u00e9s de randonn\u00e9e pedestre &#8211; 1 site d&#8217;escalade et 1 site VTT FFC de 423 km. De tous niveaux de difficult\u00e9s : vert, bleu, rouge et noir Location VTT \u00e0 proximit\u00e9 de la Maison d&#8217;Abel : [&hellip;]\" \/>\n<meta property=\"og:url\" content=\"https:\/\/www.lamaisondabel.fr\/index.php\/vtt-velo-randonnees\/\" \/>\n<meta property=\"og:site_name\" content=\"La Maison d&#039;Abel\" \/>\n<meta property=\"article:modified_time\" content=\"2024-06-03T18:39:28+00:00\" \/>\n<meta property=\"og:image\" content=\"http:\/\/www.lamaisondabel.fr\/wp-content\/uploads\/2019\/03\/vtt.jpg\" \/>\n<meta name=\"twitter:card\" content=\"summary_large_image\" \/>\n<meta name=\"twitter:label1\" content=\"Dur\u00e9e de lecture estim\u00e9e\" \/>\n\t<meta name=\"twitter:data1\" content=\"2 minutes\" \/>\n<script type=\"application\/ld+json\" class=\"yoast-schema-graph\">{\"@context\":\"https:\/\/schema.org\",\"@graph\":[{\"@type\":\"WebPage\",\"@id\":\"https:\/\/www.lamaisondabel.fr\/index.php\/vtt-velo-randonnees\/\",\"url\":\"https:\/\/www.lamaisondabel.fr\/index.php\/vtt-velo-randonnees\/\",\"name\":\"VTT & v\u00e9lo - Randonn\u00e9es - La Maison d&#039;Abel\",\"isPartOf\":{\"@id\":\"https:\/\/www.lamaisondabel.fr\/#website\"},\"primaryImageOfPage\":{\"@id\":\"https:\/\/www.lamaisondabel.fr\/index.php\/vtt-velo-randonnees\/#primaryimage\"},\"image\":{\"@id\":\"https:\/\/www.lamaisondabel.fr\/index.php\/vtt-velo-randonnees\/#primaryimage\"},\"thumbnailUrl\":\"http:\/\/www.lamaisondabel.fr\/wp-content\/uploads\/2019\/03\/vtt.jpg\",\"datePublished\":\"2019-03-04T09:45:22+00:00\",\"dateModified\":\"2024-06-03T18:39:28+00:00\",\"breadcrumb\":{\"@id\":\"https:\/\/www.lamaisondabel.fr\/index.php\/vtt-velo-randonnees\/#breadcrumb\"},\"inLanguage\":\"fr-FR\",\"potentialAction\":[{\"@type\":\"ReadAction\",\"target\":[\"https:\/\/www.lamaisondabel.fr\/index.php\/vtt-velo-randonnees\/\"]}]},{\"@type\":\"ImageObject\",\"inLanguage\":\"fr-FR\",\"@id\":\"https:\/\/www.lamaisondabel.fr\/index.php\/vtt-velo-randonnees\/#primaryimage\",\"url\":\"https:\/\/www.lamaisondabel.fr\/wp-content\/uploads\/2019\/03\/vtt.jpg\",\"contentUrl\":\"https:\/\/www.lamaisondabel.fr\/wp-content\/uploads\/2019\/03\/vtt.jpg\",\"width\":283,\"height\":178},{\"@type\":\"BreadcrumbList\",\"@id\":\"https:\/\/www.lamaisondabel.fr\/index.php\/vtt-velo-randonnees\/#breadcrumb\",\"itemListElement\":[{\"@type\":\"ListItem\",\"position\":1,\"name\":\"Accueil\",\"item\":\"https:\/\/www.lamaisondabel.fr\/\"},{\"@type\":\"ListItem\",\"position\":2,\"name\":\"VTT &#038; v\u00e9lo &#8211; Randonn\u00e9es\"}]},{\"@type\":\"WebSite\",\"@id\":\"https:\/\/www.lamaisondabel.fr\/#website\",\"url\":\"https:\/\/www.lamaisondabel.fr\/\",\"name\":\"La Maison d&#039;Abel\",\"description\":\"Lac du Salagou - Maison en location saisonni\u00e8re - Ouvert toute l&#039;ann\u00e9e.\",\"potentialAction\":[{\"@type\":\"SearchAction\",\"target\":{\"@type\":\"EntryPoint\",\"urlTemplate\":\"https:\/\/www.lamaisondabel.fr\/?s={search_term_string}\"},\"query-input\":\"required name=search_term_string\"}],\"inLanguage\":\"fr-FR\"}]}<\/script>\n<!-- \/ Yoast SEO plugin. -->","yoast_head_json":{"title":"VTT & v\u00e9lo - Randonn\u00e9es - La Maison d&#039;Abel","robots":{"index":"index","follow":"follow","max-snippet":"max-snippet:-1","max-image-preview":"max-image-preview:large","max-video-preview":"max-video-preview:-1"},"canonical":"https:\/\/www.lamaisondabel.fr\/index.php\/vtt-velo-randonnees\/","og_locale":"fr_FR","og_type":"article","og_title":"VTT & v\u00e9lo - Randonn\u00e9es - La Maison d&#039;Abel","og_description":"Label VTT : En lod\u00e9vois de nombreux circuits VTT Prenez les grands espaces&#8230; 300 kilom\u00e8tres de chemins conventionn\u00e9s et labellis\u00e9s de randonn\u00e9e pedestre &#8211; 1 site d&#8217;escalade et 1 site VTT FFC de 423 km. De tous niveaux de difficult\u00e9s : vert, bleu, rouge et noir Location VTT \u00e0 proximit\u00e9 de la Maison d&#8217;Abel : [&hellip;]","og_url":"https:\/\/www.lamaisondabel.fr\/index.php\/vtt-velo-randonnees\/","og_site_name":"La Maison d&#039;Abel","article_modified_time":"2024-06-03T18:39:28+00:00","og_image":[{"url":"http:\/\/www.lamaisondabel.fr\/wp-content\/uploads\/2019\/03\/vtt.jpg"}],"twitter_card":"summary_large_image","twitter_misc":{"Dur\u00e9e de lecture estim\u00e9e":"2 minutes"},"schema":{"@context":"https:\/\/schema.org","@graph":[{"@type":"WebPage","@id":"https:\/\/www.lamaisondabel.fr\/index.php\/vtt-velo-randonnees\/","url":"https:\/\/www.lamaisondabel.fr\/index.php\/vtt-velo-randonnees\/","name":"VTT & v\u00e9lo - Randonn\u00e9es - La Maison d&#039;Abel","isPartOf":{"@id":"https:\/\/www.lamaisondabel.fr\/#website"},"primaryImageOfPage":{"@id":"https:\/\/www.lamaisondabel.fr\/index.php\/vtt-velo-randonnees\/#primaryimage"},"image":{"@id":"https:\/\/www.lamaisondabel.fr\/index.php\/vtt-velo-randonnees\/#primaryimage"},"thumbnailUrl":"http:\/\/www.lamaisondabel.fr\/wp-content\/uploads\/2019\/03\/vtt.jpg","datePublished":"2019-03-04T09:45:22+00:00","dateModified":"2024-06-03T18:39:28+00:00","breadcrumb":{"@id":"https:\/\/www.lamaisondabel.fr\/index.php\/vtt-velo-randonnees\/#breadcrumb"},"inLanguage":"fr-FR","potentialAction":[{"@type":"ReadAction","target":["https:\/\/www.lamaisondabel.fr\/index.php\/vtt-velo-randonnees\/"]}]},{"@type":"ImageObject","inLanguage":"fr-FR","@id":"https:\/\/www.lamaisondabel.fr\/index.php\/vtt-velo-randonnees\/#primaryimage","url":"https:\/\/www.lamaisondabel.fr\/wp-content\/uploads\/2019\/03\/vtt.jpg","contentUrl":"https:\/\/www.lamaisondabel.fr\/wp-content\/uploads\/2019\/03\/vtt.jpg","width":283,"height":178},{"@type":"BreadcrumbList","@id":"https:\/\/www.lamaisondabel.fr\/index.php\/vtt-velo-randonnees\/#breadcrumb","itemListElement":[{"@type":"ListItem","position":1,"name":"Accueil","item":"https:\/\/www.lamaisondabel.fr\/"},{"@type":"ListItem","position":2,"name":"VTT &#038; v\u00e9lo &#8211; Randonn\u00e9es"}]},{"@type":"WebSite","@id":"https:\/\/www.lamaisondabel.fr\/#website","url":"https:\/\/www.lamaisondabel.fr\/","name":"La Maison d&#039;Abel","description":"Lac du Salagou - Maison en location saisonni\u00e8re - Ouvert toute l&#039;ann\u00e9e.","potentialAction":[{"@type":"SearchAction","target":{"@type":"EntryPoint","urlTemplate":"https:\/\/www.lamaisondabel.fr\/?s={search_term_string}"},"query-input":"required name=search_term_string"}],"inLanguage":"fr-FR"}]}},"_links":{"self":[{"href":"https:\/\/www.lamaisondabel.fr\/index.php\/wp-json\/wp\/v2\/pages\/180"}],"collection":[{"href":"https:\/\/www.lamaisondabel.fr\/index.php\/wp-json\/wp\/v2\/pages"}],"about":[{"href":"https:\/\/www.lamaisondabel.fr\/index.php\/wp-json\/wp\/v2\/types\/page"}],"author":[{"embeddable":true,"href":"https:\/\/www.lamaisondabel.fr\/index.php\/wp-json\/wp\/v2\/users\/1"}],"replies":[{"embeddable":true,"href":"https:\/\/www.lamaisondabel.fr\/index.php\/wp-json\/wp\/v2\/comments?post=180"}],"version-history":[{"count":9,"href":"https:\/\/www.lamaisondabel.fr\/index.php\/wp-json\/wp\/v2\/pages\/180\/revisions"}],"predecessor-version":[{"id":2199,"href":"https:\/\/www.lamaisondabel.fr\/index.php\/wp-json\/wp\/v2\/pages\/180\/revisions\/2199"}],"wp:attachment":[{"href":"https:\/\/www.lamaisondabel.fr\/index.php\/wp-json\/wp\/v2\/media?parent=180"}],"curies":[{"name":"wp","href":"https:\/\/api.w.org\/{rel}","templated":true}]}}