{"id":315,"date":"2019-03-04T14:07:15","date_gmt":"2019-03-04T14:07:15","guid":{"rendered":"http:\/\/www.lamaisondabel.fr\/wordpress_o\/?page_id=315"},"modified":"2022-09-18T08:53:15","modified_gmt":"2022-09-18T08:53:15","slug":"le-jour-de-depart","status":"publish","type":"page","link":"https:\/\/www.lamaisondabel.fr\/index.php\/le-jour-de-depart\/","title":{"rendered":"Le jour de d\u00e9part"},"content":{"rendered":"<p style=\"text-align: center;\"><\/p>\n<p style=\"text-align: center;\"><img loading=\"lazy\" decoding=\"async\" class=\"aligncenter size-full wp-image-871\" src=\"http:\/\/www.lamaisondabel.fr\/wp-content\/uploads\/2019\/03\/onze_heure.png\" alt=\"\" width=\"224\" height=\"225\" srcset=\"https:\/\/www.lamaisondabel.fr\/wp-content\/uploads\/2019\/03\/onze_heure.png 224w, https:\/\/www.lamaisondabel.fr\/wp-content\/uploads\/2019\/03\/onze_heure-150x150.png 150w, https:\/\/www.lamaisondabel.fr\/wp-content\/uploads\/2019\/03\/onze_heure-50x50.png 50w\" sizes=\"(max-width: 224px) 100vw, 224px\" \/><\/p>\n<p>&nbsp;<\/p>\n<ul>\n<li>L&#8217;heure de d\u00e9part est fix\u00e9e entre 07h00 et 11H00 maximum &#8211;\u00a0 Dans la mesure du possible m&#8217;aviser la veille de l&#8217;heure de votre d\u00e9part &#8211; A d\u00e9faut\u00a0 je me pr\u00e9senterai \u00e0 10H45 pour l&#8217;\u00e9tat des lieux, pour un d\u00e9part \u00e0 11h00.<\/li>\n<\/ul>\n<p style=\"text-align: center;\"><img loading=\"lazy\" decoding=\"async\" class=\"aligncenter size-full wp-image-755\" src=\"http:\/\/www.lamaisondabel.fr\/wp-content\/uploads\/2019\/03\/nettoyage_2.png\" alt=\"\" width=\"225\" height=\"225\" srcset=\"https:\/\/www.lamaisondabel.fr\/wp-content\/uploads\/2019\/03\/nettoyage_2.png 225w, https:\/\/www.lamaisondabel.fr\/wp-content\/uploads\/2019\/03\/nettoyage_2-150x150.png 150w, https:\/\/www.lamaisondabel.fr\/wp-content\/uploads\/2019\/03\/nettoyage_2-50x50.png 50w\" sizes=\"(max-width: 225px) 100vw, 225px\" \/><\/p>\n<ul>\n<li><a href=\"http:\/\/www.lamaisondabel.fr\/index.php\/le-nettoyage-fin-de-sejour\/\">Nettoyage fin de s\u00e9jour\u00a0<\/a>(balais, serpilli\u00e8res,\u00a0 dans le cagibi de la terrasse sud)<\/li>\n<\/ul>\n<p>&nbsp;<\/p>\n<p><img loading=\"lazy\" decoding=\"async\" class=\"aligncenter wp-image-485\" src=\"http:\/\/www.lamaisondabel.fr\/wp-content\/uploads\/2019\/03\/draps.jpg\" alt=\"\" width=\"155\" height=\"136\" srcset=\"https:\/\/www.lamaisondabel.fr\/wp-content\/uploads\/2019\/03\/draps.jpg 96w, https:\/\/www.lamaisondabel.fr\/wp-content\/uploads\/2019\/03\/draps-50x44.jpg 50w\" sizes=\"(max-width: 155px) 100vw, 155px\" \/><\/p>\n<ul>\n<li>Vous pouvez rassembler et d\u00e9poser les draps, taies de traversin, taies d&#8217;oreiller, serviettes, torchons et autres dans la salle de bain.<\/li>\n<\/ul>\n<p>&nbsp;<\/p>\n<p style=\"text-align: center;\"><img loading=\"lazy\" decoding=\"async\" class=\"aligncenter wp-image-765\" src=\"http:\/\/www.lamaisondabel.fr\/wp-content\/uploads\/2019\/03\/inventaire.jpg\" alt=\"\" width=\"146\" height=\"110\" srcset=\"https:\/\/www.lamaisondabel.fr\/wp-content\/uploads\/2019\/03\/inventaire.jpg 259w, https:\/\/www.lamaisondabel.fr\/wp-content\/uploads\/2019\/03\/inventaire-50x38.jpg 50w\" sizes=\"(max-width: 146px) 100vw, 146px\" \/><\/p>\n<ul>\n<li><a href=\"http:\/\/www.lamaisondabel.fr\/index.php\/inventaire\/\">Inventaire<\/a>: Si au cours de votre s\u00e9jour quelque chose s&#8217;est d\u00e9grad\u00e9 ou cass\u00e9 ou ne fonctionne pas, vous devez m&#8217;en aviser le plus t\u00f4t possible.\u00a0 Dans la mesure du raisonnable il n&#8217;est pas n\u00e9cessaire de remplacer de la vaisselle cass\u00e9e ou autre, simplement m&#8217;en aviser.<\/li>\n<li><a href=\"http:\/\/www.lamaisondabel.fr\/index.php\/inventaire\/\">Etat des lieux<\/a><\/li>\n<li>Restitution des clefs (trousseau maison et trousseau des coffres)<\/li>\n<\/ul>\n<p>&nbsp;<\/p>\n<p style=\"text-align: center;\"><img loading=\"lazy\" decoding=\"async\" class=\"aligncenter wp-image-872\" src=\"http:\/\/www.lamaisondabel.fr\/wp-content\/uploads\/2019\/03\/caution-300x225.jpg\" alt=\"\" width=\"177\" height=\"133\" srcset=\"https:\/\/www.lamaisondabel.fr\/wp-content\/uploads\/2019\/03\/caution-300x225.jpg 300w, https:\/\/www.lamaisondabel.fr\/wp-content\/uploads\/2019\/03\/caution-50x38.jpg 50w, https:\/\/www.lamaisondabel.fr\/wp-content\/uploads\/2019\/03\/caution.jpg 325w\" sizes=\"(max-width: 177px) 100vw, 177px\" \/><\/p>\n<ul>\n<li><a href=\"http:\/\/www.lamaisondabel.fr\/index.php\/la-caution\/\">Caution<\/a><\/li>\n<\/ul>\n","protected":false},"excerpt":{"rendered":"<p>&nbsp; L&#8217;heure de d\u00e9part est fix\u00e9e entre 07h00 et 11H00 maximum &#8211;\u00a0 Dans la mesure du possible m&#8217;aviser la veille de l&#8217;heure de votre d\u00e9part &#8211; A d\u00e9faut\u00a0 je me pr\u00e9senterai \u00e0 10H45 pour l&#8217;\u00e9tat des lieux, pour un d\u00e9part \u00e0 11h00. Nettoyage fin de s\u00e9jour\u00a0(balais, serpilli\u00e8res,\u00a0 dans le cagibi de la terrasse sud) &nbsp; [&hellip;]<\/p>\n","protected":false},"author":1,"featured_media":0,"parent":0,"menu_order":0,"comment_status":"closed","ping_status":"closed","template":"","meta":{"footnotes":""},"wppr_data":{"cwp_meta_box_check":"No"},"yoast_head":"<!-- This site is optimized with the Yoast SEO plugin v22.8 - https:\/\/yoast.com\/wordpress\/plugins\/seo\/ -->\n<title>Le jour de d\u00e9part - La Maison d&#039;Abel<\/title>\n<meta name=\"robots\" content=\"index, follow, max-snippet:-1, max-image-preview:large, max-video-preview:-1\" \/>\n<link rel=\"canonical\" href=\"https:\/\/www.lamaisondabel.fr\/index.php\/le-jour-de-depart\/\" \/>\n<meta property=\"og:locale\" content=\"fr_FR\" \/>\n<meta property=\"og:type\" content=\"article\" \/>\n<meta property=\"og:title\" content=\"Le jour de d\u00e9part - La Maison d&#039;Abel\" \/>\n<meta property=\"og:description\" content=\"&nbsp; L&#8217;heure de d\u00e9part est fix\u00e9e entre 07h00 et 11H00 maximum &#8211;\u00a0 Dans la mesure du possible m&#8217;aviser la veille de l&#8217;heure de votre d\u00e9part &#8211; A d\u00e9faut\u00a0 je me pr\u00e9senterai \u00e0 10H45 pour l&#8217;\u00e9tat des lieux, pour un d\u00e9part \u00e0 11h00. Nettoyage fin de s\u00e9jour\u00a0(balais, serpilli\u00e8res,\u00a0 dans le cagibi de la terrasse sud) &nbsp; [&hellip;]\" \/>\n<meta property=\"og:url\" content=\"https:\/\/www.lamaisondabel.fr\/index.php\/le-jour-de-depart\/\" \/>\n<meta property=\"og:site_name\" content=\"La Maison d&#039;Abel\" \/>\n<meta property=\"article:modified_time\" content=\"2022-09-18T08:53:15+00:00\" \/>\n<meta property=\"og:image\" content=\"http:\/\/www.lamaisondabel.fr\/wp-content\/uploads\/2019\/03\/onze_heure.png\" \/>\n<meta name=\"twitter:card\" content=\"summary_large_image\" \/>\n<meta name=\"twitter:label1\" content=\"Dur\u00e9e de lecture estim\u00e9e\" \/>\n\t<meta name=\"twitter:data1\" content=\"2 minutes\" \/>\n<script type=\"application\/ld+json\" class=\"yoast-schema-graph\">{\"@context\":\"https:\/\/schema.org\",\"@graph\":[{\"@type\":\"WebPage\",\"@id\":\"https:\/\/www.lamaisondabel.fr\/index.php\/le-jour-de-depart\/\",\"url\":\"https:\/\/www.lamaisondabel.fr\/index.php\/le-jour-de-depart\/\",\"name\":\"Le jour de d\u00e9part - La Maison d&#039;Abel\",\"isPartOf\":{\"@id\":\"https:\/\/www.lamaisondabel.fr\/#website\"},\"primaryImageOfPage\":{\"@id\":\"https:\/\/www.lamaisondabel.fr\/index.php\/le-jour-de-depart\/#primaryimage\"},\"image\":{\"@id\":\"https:\/\/www.lamaisondabel.fr\/index.php\/le-jour-de-depart\/#primaryimage\"},\"thumbnailUrl\":\"http:\/\/www.lamaisondabel.fr\/wp-content\/uploads\/2019\/03\/onze_heure.png\",\"datePublished\":\"2019-03-04T14:07:15+00:00\",\"dateModified\":\"2022-09-18T08:53:15+00:00\",\"breadcrumb\":{\"@id\":\"https:\/\/www.lamaisondabel.fr\/index.php\/le-jour-de-depart\/#breadcrumb\"},\"inLanguage\":\"fr-FR\",\"potentialAction\":[{\"@type\":\"ReadAction\",\"target\":[\"https:\/\/www.lamaisondabel.fr\/index.php\/le-jour-de-depart\/\"]}]},{\"@type\":\"ImageObject\",\"inLanguage\":\"fr-FR\",\"@id\":\"https:\/\/www.lamaisondabel.fr\/index.php\/le-jour-de-depart\/#primaryimage\",\"url\":\"https:\/\/www.lamaisondabel.fr\/wp-content\/uploads\/2019\/03\/onze_heure.png\",\"contentUrl\":\"https:\/\/www.lamaisondabel.fr\/wp-content\/uploads\/2019\/03\/onze_heure.png\",\"width\":224,\"height\":225},{\"@type\":\"BreadcrumbList\",\"@id\":\"https:\/\/www.lamaisondabel.fr\/index.php\/le-jour-de-depart\/#breadcrumb\",\"itemListElement\":[{\"@type\":\"ListItem\",\"position\":1,\"name\":\"Accueil\",\"item\":\"https:\/\/www.lamaisondabel.fr\/\"},{\"@type\":\"ListItem\",\"position\":2,\"name\":\"Le jour de d\u00e9part\"}]},{\"@type\":\"WebSite\",\"@id\":\"https:\/\/www.lamaisondabel.fr\/#website\",\"url\":\"https:\/\/www.lamaisondabel.fr\/\",\"name\":\"La Maison d&#039;Abel\",\"description\":\"Lac du Salagou - Maison en location saisonni\u00e8re - Ouvert toute l&#039;ann\u00e9e.\",\"potentialAction\":[{\"@type\":\"SearchAction\",\"target\":{\"@type\":\"EntryPoint\",\"urlTemplate\":\"https:\/\/www.lamaisondabel.fr\/?s={search_term_string}\"},\"query-input\":\"required name=search_term_string\"}],\"inLanguage\":\"fr-FR\"}]}<\/script>\n<!-- \/ Yoast SEO plugin. -->","yoast_head_json":{"title":"Le jour de d\u00e9part - La Maison d&#039;Abel","robots":{"index":"index","follow":"follow","max-snippet":"max-snippet:-1","max-image-preview":"max-image-preview:large","max-video-preview":"max-video-preview:-1"},"canonical":"https:\/\/www.lamaisondabel.fr\/index.php\/le-jour-de-depart\/","og_locale":"fr_FR","og_type":"article","og_title":"Le jour de d\u00e9part - La Maison d&#039;Abel","og_description":"&nbsp; L&#8217;heure de d\u00e9part est fix\u00e9e entre 07h00 et 11H00 maximum &#8211;\u00a0 Dans la mesure du possible m&#8217;aviser la veille de l&#8217;heure de votre d\u00e9part &#8211; A d\u00e9faut\u00a0 je me pr\u00e9senterai \u00e0 10H45 pour l&#8217;\u00e9tat des lieux, pour un d\u00e9part \u00e0 11h00. Nettoyage fin de s\u00e9jour\u00a0(balais, serpilli\u00e8res,\u00a0 dans le cagibi de la terrasse sud) &nbsp; [&hellip;]","og_url":"https:\/\/www.lamaisondabel.fr\/index.php\/le-jour-de-depart\/","og_site_name":"La Maison d&#039;Abel","article_modified_time":"2022-09-18T08:53:15+00:00","og_image":[{"url":"http:\/\/www.lamaisondabel.fr\/wp-content\/uploads\/2019\/03\/onze_heure.png"}],"twitter_card":"summary_large_image","twitter_misc":{"Dur\u00e9e de lecture estim\u00e9e":"2 minutes"},"schema":{"@context":"https:\/\/schema.org","@graph":[{"@type":"WebPage","@id":"https:\/\/www.lamaisondabel.fr\/index.php\/le-jour-de-depart\/","url":"https:\/\/www.lamaisondabel.fr\/index.php\/le-jour-de-depart\/","name":"Le jour de d\u00e9part - La Maison d&#039;Abel","isPartOf":{"@id":"https:\/\/www.lamaisondabel.fr\/#website"},"primaryImageOfPage":{"@id":"https:\/\/www.lamaisondabel.fr\/index.php\/le-jour-de-depart\/#primaryimage"},"image":{"@id":"https:\/\/www.lamaisondabel.fr\/index.php\/le-jour-de-depart\/#primaryimage"},"thumbnailUrl":"http:\/\/www.lamaisondabel.fr\/wp-content\/uploads\/2019\/03\/onze_heure.png","datePublished":"2019-03-04T14:07:15+00:00","dateModified":"2022-09-18T08:53:15+00:00","breadcrumb":{"@id":"https:\/\/www.lamaisondabel.fr\/index.php\/le-jour-de-depart\/#breadcrumb"},"inLanguage":"fr-FR","potentialAction":[{"@type":"ReadAction","target":["https:\/\/www.lamaisondabel.fr\/index.php\/le-jour-de-depart\/"]}]},{"@type":"ImageObject","inLanguage":"fr-FR","@id":"https:\/\/www.lamaisondabel.fr\/index.php\/le-jour-de-depart\/#primaryimage","url":"https:\/\/www.lamaisondabel.fr\/wp-content\/uploads\/2019\/03\/onze_heure.png","contentUrl":"https:\/\/www.lamaisondabel.fr\/wp-content\/uploads\/2019\/03\/onze_heure.png","width":224,"height":225},{"@type":"BreadcrumbList","@id":"https:\/\/www.lamaisondabel.fr\/index.php\/le-jour-de-depart\/#breadcrumb","itemListElement":[{"@type":"ListItem","position":1,"name":"Accueil","item":"https:\/\/www.lamaisondabel.fr\/"},{"@type":"ListItem","position":2,"name":"Le jour de d\u00e9part"}]},{"@type":"WebSite","@id":"https:\/\/www.lamaisondabel.fr\/#website","url":"https:\/\/www.lamaisondabel.fr\/","name":"La Maison d&#039;Abel","description":"Lac du Salagou - Maison en location saisonni\u00e8re - Ouvert toute l&#039;ann\u00e9e.","potentialAction":[{"@type":"SearchAction","target":{"@type":"EntryPoint","urlTemplate":"https:\/\/www.lamaisondabel.fr\/?s={search_term_string}"},"query-input":"required name=search_term_string"}],"inLanguage":"fr-FR"}]}},"_links":{"self":[{"href":"https:\/\/www.lamaisondabel.fr\/index.php\/wp-json\/wp\/v2\/pages\/315"}],"collection":[{"href":"https:\/\/www.lamaisondabel.fr\/index.php\/wp-json\/wp\/v2\/pages"}],"about":[{"href":"https:\/\/www.lamaisondabel.fr\/index.php\/wp-json\/wp\/v2\/types\/page"}],"author":[{"embeddable":true,"href":"https:\/\/www.lamaisondabel.fr\/index.php\/wp-json\/wp\/v2\/users\/1"}],"replies":[{"embeddable":true,"href":"https:\/\/www.lamaisondabel.fr\/index.php\/wp-json\/wp\/v2\/comments?post=315"}],"version-history":[{"count":12,"href":"https:\/\/www.lamaisondabel.fr\/index.php\/wp-json\/wp\/v2\/pages\/315\/revisions"}],"predecessor-version":[{"id":1992,"href":"https:\/\/www.lamaisondabel.fr\/index.php\/wp-json\/wp\/v2\/pages\/315\/revisions\/1992"}],"wp:attachment":[{"href":"https:\/\/www.lamaisondabel.fr\/index.php\/wp-json\/wp\/v2\/media?parent=315"}],"curies":[{"name":"wp","href":"https:\/\/api.w.org\/{rel}","templated":true}]}}