{"id":34,"date":"2019-03-03T17:17:03","date_gmt":"2019-03-03T17:17:03","guid":{"rendered":"http:\/\/www.lamaisondabel.fr\/wordpress_o\/?page_id=34"},"modified":"2024-06-03T17:58:55","modified_gmt":"2024-06-03T17:58:55","slug":"la-maison","status":"publish","type":"page","link":"https:\/\/www.lamaisondabel.fr\/index.php\/la-maison\/","title":{"rendered":"La maison"},"content":{"rendered":"<ul class=\"n8H08c UVNKR\">\n<li id=\"h.p_oQ8UYQcvCqT4\" class=\"zfr3Q TYR86d\"><a href=\"http:\/\/www.lamaisondabel.fr\/index.php\/le-sejour\/\">Le s\u00e9jour<\/a><\/li>\n<li id=\"h.p_OtRE6xwHMsqV\" class=\"zfr3Q TYR86d\"><a class=\"dhtgD\" href=\"http:\/\/www.lamaisondabel.fr\/index.php\/la-cuisine\/\">Une cuisine<\/a> (lave vaisselle, frigo-cong\u00e9lateur, Tassimo, 3 fours, grille pain, bouilloire, vaisselle&#8230;)<\/li>\n<li id=\"h.p_HxQeHsrcMxtN\" class=\"zfr3Q TYR86d\"><a class=\"dhtgD\" href=\"http:\/\/www.lamaisondabel.fr\/index.php\/deux-chambres\/\">Deux chambres<\/a><\/li>\n<li id=\"h.p_6z7b3UKpCtmX\" class=\"zfr3Q TYR86d\"><a class=\"dhtgD\" href=\"http:\/\/www.lamaisondabel.fr\/index.php\/la-terrasse-sud\/\">La terrasse sud<\/a><\/li>\n<li id=\"h.p_X7BVAm3ZsaoB\" class=\"zfr3Q TYR86d\"><a class=\"dhtgD\" href=\"http:\/\/www.lamaisondabel.fr\/index.php\/la-terrasse-nord\/\">La terrasse nord<\/a> avec son <a class=\"dhtgD\" href=\"http:\/\/www.lamaisondabel.fr\/index.php\/le-barbecue\/\">barbecue<\/a> en brique r\u00e9fractaire<\/li>\n<li id=\"h.p_LP2TNKw2IExO\" class=\"zfr3Q TYR86d\"><a class=\"dhtgD\" href=\"http:\/\/www.lamaisondabel.fr\/index.php\/local-a-velos\/\">Un local \u00e0 v\u00e9los ferm\u00e9 avec r\u00e2telier<\/a><\/li>\n<li id=\"h.p_uiCOpmxDC68G\" class=\"zfr3Q TYR86d\">&#8230;<\/li>\n<\/ul>\n<p>&nbsp;<\/p>\n<p><img loading=\"lazy\" decoding=\"async\" class=\"aligncenter size-thumbnail wp-image-2155\" src=\"https:\/\/www.lamaisondabel.fr\/wp-content\/uploads\/2024\/06\/Arnaud-Reichert-Photographe-Small-21-150x150.jpg\" alt=\"\" width=\"150\" height=\"150\" \/><img loading=\"lazy\" decoding=\"async\" class=\"aligncenter size-thumbnail wp-image-2168\" src=\"https:\/\/www.lamaisondabel.fr\/wp-content\/uploads\/2024\/06\/Arnaud-Reichert-Photographe-Small-34-150x150.jpg\" alt=\"\" width=\"150\" height=\"150\" \/><img loading=\"lazy\" decoding=\"async\" class=\"aligncenter size-thumbnail wp-image-2167\" src=\"https:\/\/www.lamaisondabel.fr\/wp-content\/uploads\/2024\/06\/Arnaud-Reichert-Photographe-Small-33-150x150.jpg\" alt=\"\" width=\"150\" height=\"150\" \/><img loading=\"lazy\" decoding=\"async\" class=\"aligncenter size-thumbnail wp-image-2164\" src=\"https:\/\/www.lamaisondabel.fr\/wp-content\/uploads\/2024\/06\/Arnaud-Reichert-Photographe-Small-30-150x150.jpg\" alt=\"\" width=\"150\" height=\"150\" \/><\/p>\n","protected":false},"excerpt":{"rendered":"<p>Le s\u00e9jour Une cuisine (lave vaisselle, frigo-cong\u00e9lateur, Tassimo, 3 fours, grille pain, bouilloire, vaisselle&#8230;) Deux chambres La terrasse sud La terrasse nord avec son barbecue en brique r\u00e9fractaire Un local \u00e0 v\u00e9los ferm\u00e9 avec r\u00e2telier &#8230; &nbsp;<\/p>\n","protected":false},"author":1,"featured_media":0,"parent":0,"menu_order":0,"comment_status":"closed","ping_status":"closed","template":"","meta":{"footnotes":""},"wppr_data":{"cwp_meta_box_check":"No"},"yoast_head":"<!-- This site is optimized with the Yoast SEO plugin v22.8 - https:\/\/yoast.com\/wordpress\/plugins\/seo\/ -->\n<title>La maison - La Maison d&#039;Abel<\/title>\n<meta name=\"robots\" content=\"index, follow, max-snippet:-1, max-image-preview:large, max-video-preview:-1\" \/>\n<link rel=\"canonical\" href=\"https:\/\/www.lamaisondabel.fr\/index.php\/la-maison\/\" \/>\n<meta property=\"og:locale\" content=\"fr_FR\" \/>\n<meta property=\"og:type\" content=\"article\" \/>\n<meta property=\"og:title\" content=\"La maison - La Maison d&#039;Abel\" \/>\n<meta property=\"og:description\" content=\"Le s\u00e9jour Une cuisine (lave vaisselle, frigo-cong\u00e9lateur, Tassimo, 3 fours, grille pain, bouilloire, vaisselle&#8230;) Deux chambres La terrasse sud La terrasse nord avec son barbecue en brique r\u00e9fractaire Un local \u00e0 v\u00e9los ferm\u00e9 avec r\u00e2telier &#8230; &nbsp;\" \/>\n<meta property=\"og:url\" content=\"https:\/\/www.lamaisondabel.fr\/index.php\/la-maison\/\" \/>\n<meta property=\"og:site_name\" content=\"La Maison d&#039;Abel\" \/>\n<meta property=\"article:modified_time\" content=\"2024-06-03T17:58:55+00:00\" \/>\n<meta property=\"og:image\" content=\"https:\/\/www.lamaisondabel.fr\/wp-content\/uploads\/2024\/06\/Arnaud-Reichert-Photographe-Small-21-150x150.jpg\" \/>\n<meta name=\"twitter:card\" content=\"summary_large_image\" \/>\n<meta name=\"twitter:label1\" content=\"Dur\u00e9e de lecture estim\u00e9e\" \/>\n\t<meta name=\"twitter:data1\" content=\"1 minute\" \/>\n<script type=\"application\/ld+json\" class=\"yoast-schema-graph\">{\"@context\":\"https:\/\/schema.org\",\"@graph\":[{\"@type\":\"WebPage\",\"@id\":\"https:\/\/www.lamaisondabel.fr\/index.php\/la-maison\/\",\"url\":\"https:\/\/www.lamaisondabel.fr\/index.php\/la-maison\/\",\"name\":\"La maison - La Maison d&#039;Abel\",\"isPartOf\":{\"@id\":\"https:\/\/www.lamaisondabel.fr\/#website\"},\"primaryImageOfPage\":{\"@id\":\"https:\/\/www.lamaisondabel.fr\/index.php\/la-maison\/#primaryimage\"},\"image\":{\"@id\":\"https:\/\/www.lamaisondabel.fr\/index.php\/la-maison\/#primaryimage\"},\"thumbnailUrl\":\"https:\/\/www.lamaisondabel.fr\/wp-content\/uploads\/2024\/06\/Arnaud-Reichert-Photographe-Small-21-150x150.jpg\",\"datePublished\":\"2019-03-03T17:17:03+00:00\",\"dateModified\":\"2024-06-03T17:58:55+00:00\",\"breadcrumb\":{\"@id\":\"https:\/\/www.lamaisondabel.fr\/index.php\/la-maison\/#breadcrumb\"},\"inLanguage\":\"fr-FR\",\"potentialAction\":[{\"@type\":\"ReadAction\",\"target\":[\"https:\/\/www.lamaisondabel.fr\/index.php\/la-maison\/\"]}]},{\"@type\":\"ImageObject\",\"inLanguage\":\"fr-FR\",\"@id\":\"https:\/\/www.lamaisondabel.fr\/index.php\/la-maison\/#primaryimage\",\"url\":\"https:\/\/www.lamaisondabel.fr\/wp-content\/uploads\/2024\/06\/Arnaud-Reichert-Photographe-Small-21-scaled.jpg\",\"contentUrl\":\"https:\/\/www.lamaisondabel.fr\/wp-content\/uploads\/2024\/06\/Arnaud-Reichert-Photographe-Small-21-scaled.jpg\",\"width\":2560,\"height\":1707},{\"@type\":\"BreadcrumbList\",\"@id\":\"https:\/\/www.lamaisondabel.fr\/index.php\/la-maison\/#breadcrumb\",\"itemListElement\":[{\"@type\":\"ListItem\",\"position\":1,\"name\":\"Accueil\",\"item\":\"https:\/\/www.lamaisondabel.fr\/\"},{\"@type\":\"ListItem\",\"position\":2,\"name\":\"La maison\"}]},{\"@type\":\"WebSite\",\"@id\":\"https:\/\/www.lamaisondabel.fr\/#website\",\"url\":\"https:\/\/www.lamaisondabel.fr\/\",\"name\":\"La Maison d&#039;Abel\",\"description\":\"Lac du Salagou - Maison en location saisonni\u00e8re - Ouvert toute l&#039;ann\u00e9e.\",\"potentialAction\":[{\"@type\":\"SearchAction\",\"target\":{\"@type\":\"EntryPoint\",\"urlTemplate\":\"https:\/\/www.lamaisondabel.fr\/?s={search_term_string}\"},\"query-input\":\"required name=search_term_string\"}],\"inLanguage\":\"fr-FR\"}]}<\/script>\n<!-- \/ Yoast SEO plugin. -->","yoast_head_json":{"title":"La maison - La Maison d&#039;Abel","robots":{"index":"index","follow":"follow","max-snippet":"max-snippet:-1","max-image-preview":"max-image-preview:large","max-video-preview":"max-video-preview:-1"},"canonical":"https:\/\/www.lamaisondabel.fr\/index.php\/la-maison\/","og_locale":"fr_FR","og_type":"article","og_title":"La maison - La Maison d&#039;Abel","og_description":"Le s\u00e9jour Une cuisine (lave vaisselle, frigo-cong\u00e9lateur, Tassimo, 3 fours, grille pain, bouilloire, vaisselle&#8230;) Deux chambres La terrasse sud La terrasse nord avec son barbecue en brique r\u00e9fractaire Un local \u00e0 v\u00e9los ferm\u00e9 avec r\u00e2telier &#8230; &nbsp;","og_url":"https:\/\/www.lamaisondabel.fr\/index.php\/la-maison\/","og_site_name":"La Maison d&#039;Abel","article_modified_time":"2024-06-03T17:58:55+00:00","og_image":[{"url":"https:\/\/www.lamaisondabel.fr\/wp-content\/uploads\/2024\/06\/Arnaud-Reichert-Photographe-Small-21-150x150.jpg"}],"twitter_card":"summary_large_image","twitter_misc":{"Dur\u00e9e de lecture estim\u00e9e":"1 minute"},"schema":{"@context":"https:\/\/schema.org","@graph":[{"@type":"WebPage","@id":"https:\/\/www.lamaisondabel.fr\/index.php\/la-maison\/","url":"https:\/\/www.lamaisondabel.fr\/index.php\/la-maison\/","name":"La maison - La Maison d&#039;Abel","isPartOf":{"@id":"https:\/\/www.lamaisondabel.fr\/#website"},"primaryImageOfPage":{"@id":"https:\/\/www.lamaisondabel.fr\/index.php\/la-maison\/#primaryimage"},"image":{"@id":"https:\/\/www.lamaisondabel.fr\/index.php\/la-maison\/#primaryimage"},"thumbnailUrl":"https:\/\/www.lamaisondabel.fr\/wp-content\/uploads\/2024\/06\/Arnaud-Reichert-Photographe-Small-21-150x150.jpg","datePublished":"2019-03-03T17:17:03+00:00","dateModified":"2024-06-03T17:58:55+00:00","breadcrumb":{"@id":"https:\/\/www.lamaisondabel.fr\/index.php\/la-maison\/#breadcrumb"},"inLanguage":"fr-FR","potentialAction":[{"@type":"ReadAction","target":["https:\/\/www.lamaisondabel.fr\/index.php\/la-maison\/"]}]},{"@type":"ImageObject","inLanguage":"fr-FR","@id":"https:\/\/www.lamaisondabel.fr\/index.php\/la-maison\/#primaryimage","url":"https:\/\/www.lamaisondabel.fr\/wp-content\/uploads\/2024\/06\/Arnaud-Reichert-Photographe-Small-21-scaled.jpg","contentUrl":"https:\/\/www.lamaisondabel.fr\/wp-content\/uploads\/2024\/06\/Arnaud-Reichert-Photographe-Small-21-scaled.jpg","width":2560,"height":1707},{"@type":"BreadcrumbList","@id":"https:\/\/www.lamaisondabel.fr\/index.php\/la-maison\/#breadcrumb","itemListElement":[{"@type":"ListItem","position":1,"name":"Accueil","item":"https:\/\/www.lamaisondabel.fr\/"},{"@type":"ListItem","position":2,"name":"La maison"}]},{"@type":"WebSite","@id":"https:\/\/www.lamaisondabel.fr\/#website","url":"https:\/\/www.lamaisondabel.fr\/","name":"La Maison d&#039;Abel","description":"Lac du Salagou - Maison en location saisonni\u00e8re - Ouvert toute l&#039;ann\u00e9e.","potentialAction":[{"@type":"SearchAction","target":{"@type":"EntryPoint","urlTemplate":"https:\/\/www.lamaisondabel.fr\/?s={search_term_string}"},"query-input":"required name=search_term_string"}],"inLanguage":"fr-FR"}]}},"_links":{"self":[{"href":"https:\/\/www.lamaisondabel.fr\/index.php\/wp-json\/wp\/v2\/pages\/34"}],"collection":[{"href":"https:\/\/www.lamaisondabel.fr\/index.php\/wp-json\/wp\/v2\/pages"}],"about":[{"href":"https:\/\/www.lamaisondabel.fr\/index.php\/wp-json\/wp\/v2\/types\/page"}],"author":[{"embeddable":true,"href":"https:\/\/www.lamaisondabel.fr\/index.php\/wp-json\/wp\/v2\/users\/1"}],"replies":[{"embeddable":true,"href":"https:\/\/www.lamaisondabel.fr\/index.php\/wp-json\/wp\/v2\/comments?post=34"}],"version-history":[{"count":7,"href":"https:\/\/www.lamaisondabel.fr\/index.php\/wp-json\/wp\/v2\/pages\/34\/revisions"}],"predecessor-version":[{"id":2196,"href":"https:\/\/www.lamaisondabel.fr\/index.php\/wp-json\/wp\/v2\/pages\/34\/revisions\/2196"}],"wp:attachment":[{"href":"https:\/\/www.lamaisondabel.fr\/index.php\/wp-json\/wp\/v2\/media?parent=34"}],"curies":[{"name":"wp","href":"https:\/\/api.w.org\/{rel}","templated":true}]}}