{"id":377,"date":"2019-03-04T15:01:28","date_gmt":"2019-03-04T15:01:28","guid":{"rendered":"http:\/\/www.lamaisondabel.fr\/wordpress_o\/?page_id=377"},"modified":"2019-03-26T12:52:04","modified_gmt":"2019-03-26T12:52:04","slug":"chauffage-electrique","status":"publish","type":"page","link":"https:\/\/www.lamaisondabel.fr\/index.php\/chauffage-electrique\/","title":{"rendered":"Chauffage \u00e9lectrique"},"content":{"rendered":"<h4 style=\"text-align: center;\"><strong><\/strong><\/h4>\n<h4 class=\"tyJCtd baZpAe\" style=\"text-align: center;\"><span style=\"color: #ff0000;\">L&#8217;utilisation de l&#8217;insert \u00e0 bois qui se trouve dans la cuisine est strictement interdit. <\/span><\/h4>\n<h4 class=\"tyJCtd baZpAe\" style=\"text-align: center;\"><span style=\"color: #ff0000;\">Le conduit est ferm\u00e9.<\/span><\/h4>\n<p>&nbsp;<\/p>\n<p id=\"h.p_JQ3e_A_O_Bok\" class=\"zfr3Q\">Les convecteurs \u00e9lectriques de la maison sont command\u00e9s automatiquement en fonction de la temp\u00e9rature<\/p>\n<p id=\"h.p_bp9Gb8Ys_E-T\" class=\"zfr3Q\">Ces appareils sont uniquement en service pendant la p\u00e9riode hivernale, ou en fonction des circonstances.<\/p>\n<ul>\n<li id=\"h.p_yh1kEFsm_E-V\" class=\"zfr3Q\">1 Cuisine<\/li>\n<li id=\"h.p_MnVDJwey_E-X\" class=\"zfr3Q\">1 S\u00e9jour<\/li>\n<li id=\"h.p_2ut-AGZK_E-Z\" class=\"zfr3Q\">1 Chambre 2 lits<\/li>\n<li id=\"h.p_mUNfqRj3_E-d\" class=\"zfr3Q\">1 Chambre 1 lits<\/li>\n<li>Salle de bain<\/li>\n<\/ul>\n<h2>Chauffage de la salle de bain :<\/h2>\n<ul>\n<li id=\"h.p_voZlu1SdFDOr\" class=\"zfr3Q\">Soufflant<\/li>\n<li id=\"h.p_Jw2DAKKKFJ3B\" class=\"zfr3Q\">Actionner la minuterie du chauffage en tirant doucement sur la cordelette<\/li>\n<li id=\"h.p_7RItGdSVFJ3D\" class=\"zfr3Q\">Le chauffage soufflant s&#8217;\u00e9teindra automatiquement apr\u00e8s 15 minutes.<\/li>\n<li id=\"h.p_LO2JxMYDFJ3E\" class=\"zfr3Q\">Ventilation \u00e9lectrique : automatique minuterie \u00e9clairage<\/li>\n<\/ul>\n<p>&nbsp;<\/p>\n<p style=\"text-align: center;\"><img loading=\"lazy\" decoding=\"async\" class=\"aligncenter size-thumbnail wp-image-931\" src=\"http:\/\/www.lamaisondabel.fr\/wp-content\/uploads\/2019\/03\/chauffage-150x150.jpg\" alt=\"\" width=\"150\" height=\"150\" srcset=\"https:\/\/www.lamaisondabel.fr\/wp-content\/uploads\/2019\/03\/chauffage-150x150.jpg 150w, https:\/\/www.lamaisondabel.fr\/wp-content\/uploads\/2019\/03\/chauffage-300x300.jpg 300w, https:\/\/www.lamaisondabel.fr\/wp-content\/uploads\/2019\/03\/chauffage-50x50.jpg 50w, https:\/\/www.lamaisondabel.fr\/wp-content\/uploads\/2019\/03\/chauffage.jpg 700w\" sizes=\"(max-width: 150px) 100vw, 150px\" \/><\/p>\n<p id=\"h.p_TfMCl4rxFJ3F\" class=\"zfr3Q\">\u00a0<\/p>\n","protected":false},"excerpt":{"rendered":"<p>L&#8217;utilisation de l&#8217;insert \u00e0 bois qui se trouve dans la cuisine est strictement interdit. Le conduit est ferm\u00e9. &nbsp; Les convecteurs \u00e9lectriques de la maison sont command\u00e9s automatiquement en fonction de la temp\u00e9rature Ces appareils sont uniquement en service pendant la p\u00e9riode hivernale, ou en fonction des circonstances. 1 Cuisine 1 S\u00e9jour 1 Chambre 2 [&hellip;]<\/p>\n","protected":false},"author":1,"featured_media":0,"parent":0,"menu_order":0,"comment_status":"closed","ping_status":"closed","template":"","meta":{"footnotes":""},"wppr_data":{"cwp_meta_box_check":"No"},"yoast_head":"<!-- This site is optimized with the Yoast SEO plugin v22.8 - https:\/\/yoast.com\/wordpress\/plugins\/seo\/ -->\n<title>Chauffage \u00e9lectrique - La Maison d&#039;Abel<\/title>\n<meta name=\"robots\" content=\"index, follow, max-snippet:-1, max-image-preview:large, max-video-preview:-1\" \/>\n<link rel=\"canonical\" href=\"https:\/\/www.lamaisondabel.fr\/index.php\/chauffage-electrique\/\" \/>\n<meta property=\"og:locale\" content=\"fr_FR\" \/>\n<meta property=\"og:type\" content=\"article\" \/>\n<meta property=\"og:title\" content=\"Chauffage \u00e9lectrique - La Maison d&#039;Abel\" \/>\n<meta property=\"og:description\" content=\"L&#8217;utilisation de l&#8217;insert \u00e0 bois qui se trouve dans la cuisine est strictement interdit. Le conduit est ferm\u00e9. &nbsp; Les convecteurs \u00e9lectriques de la maison sont command\u00e9s automatiquement en fonction de la temp\u00e9rature Ces appareils sont uniquement en service pendant la p\u00e9riode hivernale, ou en fonction des circonstances. 1 Cuisine 1 S\u00e9jour 1 Chambre 2 [&hellip;]\" \/>\n<meta property=\"og:url\" content=\"https:\/\/www.lamaisondabel.fr\/index.php\/chauffage-electrique\/\" \/>\n<meta property=\"og:site_name\" content=\"La Maison d&#039;Abel\" \/>\n<meta property=\"article:modified_time\" content=\"2019-03-26T12:52:04+00:00\" \/>\n<meta property=\"og:image\" content=\"http:\/\/www.lamaisondabel.fr\/wp-content\/uploads\/2019\/03\/chauffage-150x150.jpg\" \/>\n<meta name=\"twitter:card\" content=\"summary_large_image\" \/>\n<script type=\"application\/ld+json\" class=\"yoast-schema-graph\">{\"@context\":\"https:\/\/schema.org\",\"@graph\":[{\"@type\":\"WebPage\",\"@id\":\"https:\/\/www.lamaisondabel.fr\/index.php\/chauffage-electrique\/\",\"url\":\"https:\/\/www.lamaisondabel.fr\/index.php\/chauffage-electrique\/\",\"name\":\"Chauffage \u00e9lectrique - La Maison d&#039;Abel\",\"isPartOf\":{\"@id\":\"https:\/\/www.lamaisondabel.fr\/#website\"},\"primaryImageOfPage\":{\"@id\":\"https:\/\/www.lamaisondabel.fr\/index.php\/chauffage-electrique\/#primaryimage\"},\"image\":{\"@id\":\"https:\/\/www.lamaisondabel.fr\/index.php\/chauffage-electrique\/#primaryimage\"},\"thumbnailUrl\":\"http:\/\/www.lamaisondabel.fr\/wp-content\/uploads\/2019\/03\/chauffage-150x150.jpg\",\"datePublished\":\"2019-03-04T15:01:28+00:00\",\"dateModified\":\"2019-03-26T12:52:04+00:00\",\"breadcrumb\":{\"@id\":\"https:\/\/www.lamaisondabel.fr\/index.php\/chauffage-electrique\/#breadcrumb\"},\"inLanguage\":\"fr-FR\",\"potentialAction\":[{\"@type\":\"ReadAction\",\"target\":[\"https:\/\/www.lamaisondabel.fr\/index.php\/chauffage-electrique\/\"]}]},{\"@type\":\"ImageObject\",\"inLanguage\":\"fr-FR\",\"@id\":\"https:\/\/www.lamaisondabel.fr\/index.php\/chauffage-electrique\/#primaryimage\",\"url\":\"https:\/\/www.lamaisondabel.fr\/wp-content\/uploads\/2019\/03\/chauffage.jpg\",\"contentUrl\":\"https:\/\/www.lamaisondabel.fr\/wp-content\/uploads\/2019\/03\/chauffage.jpg\",\"width\":700,\"height\":700},{\"@type\":\"BreadcrumbList\",\"@id\":\"https:\/\/www.lamaisondabel.fr\/index.php\/chauffage-electrique\/#breadcrumb\",\"itemListElement\":[{\"@type\":\"ListItem\",\"position\":1,\"name\":\"Accueil\",\"item\":\"https:\/\/www.lamaisondabel.fr\/\"},{\"@type\":\"ListItem\",\"position\":2,\"name\":\"Chauffage \u00e9lectrique\"}]},{\"@type\":\"WebSite\",\"@id\":\"https:\/\/www.lamaisondabel.fr\/#website\",\"url\":\"https:\/\/www.lamaisondabel.fr\/\",\"name\":\"La Maison d&#039;Abel\",\"description\":\"Lac du Salagou - Maison en location saisonni\u00e8re - Ouvert toute l&#039;ann\u00e9e.\",\"potentialAction\":[{\"@type\":\"SearchAction\",\"target\":{\"@type\":\"EntryPoint\",\"urlTemplate\":\"https:\/\/www.lamaisondabel.fr\/?s={search_term_string}\"},\"query-input\":\"required name=search_term_string\"}],\"inLanguage\":\"fr-FR\"}]}<\/script>\n<!-- \/ Yoast SEO plugin. -->","yoast_head_json":{"title":"Chauffage \u00e9lectrique - La Maison d&#039;Abel","robots":{"index":"index","follow":"follow","max-snippet":"max-snippet:-1","max-image-preview":"max-image-preview:large","max-video-preview":"max-video-preview:-1"},"canonical":"https:\/\/www.lamaisondabel.fr\/index.php\/chauffage-electrique\/","og_locale":"fr_FR","og_type":"article","og_title":"Chauffage \u00e9lectrique - La Maison d&#039;Abel","og_description":"L&#8217;utilisation de l&#8217;insert \u00e0 bois qui se trouve dans la cuisine est strictement interdit. Le conduit est ferm\u00e9. &nbsp; Les convecteurs \u00e9lectriques de la maison sont command\u00e9s automatiquement en fonction de la temp\u00e9rature Ces appareils sont uniquement en service pendant la p\u00e9riode hivernale, ou en fonction des circonstances. 1 Cuisine 1 S\u00e9jour 1 Chambre 2 [&hellip;]","og_url":"https:\/\/www.lamaisondabel.fr\/index.php\/chauffage-electrique\/","og_site_name":"La Maison d&#039;Abel","article_modified_time":"2019-03-26T12:52:04+00:00","og_image":[{"url":"http:\/\/www.lamaisondabel.fr\/wp-content\/uploads\/2019\/03\/chauffage-150x150.jpg"}],"twitter_card":"summary_large_image","schema":{"@context":"https:\/\/schema.org","@graph":[{"@type":"WebPage","@id":"https:\/\/www.lamaisondabel.fr\/index.php\/chauffage-electrique\/","url":"https:\/\/www.lamaisondabel.fr\/index.php\/chauffage-electrique\/","name":"Chauffage \u00e9lectrique - La Maison d&#039;Abel","isPartOf":{"@id":"https:\/\/www.lamaisondabel.fr\/#website"},"primaryImageOfPage":{"@id":"https:\/\/www.lamaisondabel.fr\/index.php\/chauffage-electrique\/#primaryimage"},"image":{"@id":"https:\/\/www.lamaisondabel.fr\/index.php\/chauffage-electrique\/#primaryimage"},"thumbnailUrl":"http:\/\/www.lamaisondabel.fr\/wp-content\/uploads\/2019\/03\/chauffage-150x150.jpg","datePublished":"2019-03-04T15:01:28+00:00","dateModified":"2019-03-26T12:52:04+00:00","breadcrumb":{"@id":"https:\/\/www.lamaisondabel.fr\/index.php\/chauffage-electrique\/#breadcrumb"},"inLanguage":"fr-FR","potentialAction":[{"@type":"ReadAction","target":["https:\/\/www.lamaisondabel.fr\/index.php\/chauffage-electrique\/"]}]},{"@type":"ImageObject","inLanguage":"fr-FR","@id":"https:\/\/www.lamaisondabel.fr\/index.php\/chauffage-electrique\/#primaryimage","url":"https:\/\/www.lamaisondabel.fr\/wp-content\/uploads\/2019\/03\/chauffage.jpg","contentUrl":"https:\/\/www.lamaisondabel.fr\/wp-content\/uploads\/2019\/03\/chauffage.jpg","width":700,"height":700},{"@type":"BreadcrumbList","@id":"https:\/\/www.lamaisondabel.fr\/index.php\/chauffage-electrique\/#breadcrumb","itemListElement":[{"@type":"ListItem","position":1,"name":"Accueil","item":"https:\/\/www.lamaisondabel.fr\/"},{"@type":"ListItem","position":2,"name":"Chauffage \u00e9lectrique"}]},{"@type":"WebSite","@id":"https:\/\/www.lamaisondabel.fr\/#website","url":"https:\/\/www.lamaisondabel.fr\/","name":"La Maison d&#039;Abel","description":"Lac du Salagou - Maison en location saisonni\u00e8re - Ouvert toute l&#039;ann\u00e9e.","potentialAction":[{"@type":"SearchAction","target":{"@type":"EntryPoint","urlTemplate":"https:\/\/www.lamaisondabel.fr\/?s={search_term_string}"},"query-input":"required name=search_term_string"}],"inLanguage":"fr-FR"}]}},"_links":{"self":[{"href":"https:\/\/www.lamaisondabel.fr\/index.php\/wp-json\/wp\/v2\/pages\/377"}],"collection":[{"href":"https:\/\/www.lamaisondabel.fr\/index.php\/wp-json\/wp\/v2\/pages"}],"about":[{"href":"https:\/\/www.lamaisondabel.fr\/index.php\/wp-json\/wp\/v2\/types\/page"}],"author":[{"embeddable":true,"href":"https:\/\/www.lamaisondabel.fr\/index.php\/wp-json\/wp\/v2\/users\/1"}],"replies":[{"embeddable":true,"href":"https:\/\/www.lamaisondabel.fr\/index.php\/wp-json\/wp\/v2\/comments?post=377"}],"version-history":[{"count":10,"href":"https:\/\/www.lamaisondabel.fr\/index.php\/wp-json\/wp\/v2\/pages\/377\/revisions"}],"predecessor-version":[{"id":1544,"href":"https:\/\/www.lamaisondabel.fr\/index.php\/wp-json\/wp\/v2\/pages\/377\/revisions\/1544"}],"wp:attachment":[{"href":"https:\/\/www.lamaisondabel.fr\/index.php\/wp-json\/wp\/v2\/media?parent=377"}],"curies":[{"name":"wp","href":"https:\/\/api.w.org\/{rel}","templated":true}]}}