{"id":39,"date":"2019-03-03T17:18:33","date_gmt":"2019-03-03T17:18:33","guid":{"rendered":"http:\/\/www.lamaisondabel.fr\/wordpress_o\/?page_id=39"},"modified":"2024-05-17T17:10:27","modified_gmt":"2024-05-17T17:10:27","slug":"draps-linge-de-maison","status":"publish","type":"page","link":"https:\/\/www.lamaisondabel.fr\/index.php\/draps-linge-de-maison\/","title":{"rendered":"Draps &#038; linge de maison &#8211; Fournitures"},"content":{"rendered":"<section id=\"h.p_fyEe4tNW_82X\" class=\"yaqOZd\">\n<div class=\"mYVXT\">\n<div class=\"LS81yb VICjCf\" tabindex=\"-1\">\n<div class=\"hJDwNd-AhqUyc-uQSCkd purZT-AhqUyc-II5mzb pSzOP-AhqUyc-qWD73c JNdkSc\">\n<div class=\"oKdM2c\">\n<div id=\"h.p_fY6tCC3w_82P\" class=\"hJDwNd-AhqUyc-uQSCkd jXK9ad D2fZ2 OjCsFc wHaque GNzUNc\">\n<div class=\"jXK9ad-SmKAyb jXK9ad-SmKAyb-c4YZDc\">\n<div class=\"tyJCtd mGzaTb baZpAe\">\n<p id=\"h.p_Kwdfjo5F_82U\" class=\"zfr3Q\">Le montant du prix de la location comprend entre autres :<\/p>\n<ul class=\"n8H08c UVNKR\">\n<li id=\"h.p_sSX-CUbswE7W\" class=\"zfr3Q TYR86d\">Pour chaque lit : 1 draps plat + 1 draps housse<\/li>\n<li class=\"zfr3Q TYR86d\">Les lits sont faits.<\/li>\n<li id=\"h.p_MqmfOT1K_9dg\" class=\"zfr3Q TYR86d\">Les couvertures (2 par lit)<\/li>\n<li>2 Oreillers<\/li>\n<li>1 Couvre-lit<\/li>\n<li id=\"h.p_wcrHIZk0_9dh\" class=\"zfr3Q TYR86d\">Prot\u00e8ge-matelas &amp; de prot\u00e8ge- oreiller pour chaque lit<\/li>\n<li id=\"h.p_zRur2sh7vjzP\" class=\"zfr3Q TYR86d\">Pr\u00e9voir le linge de toilette (serviettes &amp; gants)<\/li>\n<li id=\"h.p_gXnsD-rQuwKg\" class=\"zfr3Q TYR86d\">Torchons cuisine<\/li>\n<li id=\"h.p_-U0KbLw_vEFu\" class=\"zfr3Q TYR86d\">Une \u00e9ponge \u00e9vier de cuisine<\/li>\n<li id=\"h.p_56GClcaFvTe3\" class=\"zfr3Q TYR86d\">Un sac poubelle cuisine<\/li>\n<li id=\"h.p_4wdUQWXtvdxe\" class=\"zfr3Q TYR86d\">Du savon vaisselle<\/li>\n<li id=\"h.p_CDcuOnWMwZY-\" class=\"zfr3Q TYR86d\">Du produit nettoyage de sol<\/li>\n<li id=\"h.p_AWWloDGA1wYd\" class=\"zfr3Q TYR86d\">Un rouleau papier toilette<\/li>\n<li id=\"h.p_jHwLJxID1nHd\" class=\"zfr3Q TYR86d\">Autres produits d&#8217;entretien<\/li>\n<li id=\"h.p_AAtn_f_y1vuU\" class=\"zfr3Q TYR86d\">&#8230;<\/li>\n<\/ul>\n<p style=\"text-align: center;\">\u00a0<\/p>\n<\/div>\n<\/div>\n<\/div>\n<\/div>\n<\/div>\n<\/div>\n<\/div>\n<\/section>\n<section id=\"h.p_sEfa3FyY1YNh\" class=\"yaqOZd\">\n<div class=\"yaqOZd IFuOkc\" style=\"text-align: center;\"><img loading=\"lazy\" decoding=\"async\" class=\"aligncenter size-full wp-image-485\" src=\"http:\/\/www.lamaisondabel.fr\/wordpress_o\/wp-content\/uploads\/2019\/03\/draps.jpg\" alt=\"\" width=\"96\" height=\"84\" srcset=\"https:\/\/www.lamaisondabel.fr\/wp-content\/uploads\/2019\/03\/draps.jpg 96w, https:\/\/www.lamaisondabel.fr\/wp-content\/uploads\/2019\/03\/draps-50x44.jpg 50w\" sizes=\"(max-width: 96px) 100vw, 96px\" \/><\/div>\n<\/section>\n","protected":false},"excerpt":{"rendered":"<p>Le montant du prix de la location comprend entre autres : Pour chaque lit : 1 draps plat + 1 draps housse Les lits sont faits. Les couvertures (2 par lit) 2 Oreillers 1 Couvre-lit Prot\u00e8ge-matelas &amp; de prot\u00e8ge- oreiller pour chaque lit Pr\u00e9voir le linge de toilette (serviettes &amp; gants) Torchons cuisine Une \u00e9ponge [&hellip;]<\/p>\n","protected":false},"author":1,"featured_media":0,"parent":0,"menu_order":0,"comment_status":"closed","ping_status":"closed","template":"","meta":{"footnotes":""},"wppr_data":{"cwp_meta_box_check":"No"},"yoast_head":"<!-- This site is optimized with the Yoast SEO plugin v22.8 - https:\/\/yoast.com\/wordpress\/plugins\/seo\/ -->\n<title>Draps &amp; linge de maison - Fournitures - La Maison d&#039;Abel<\/title>\n<meta name=\"robots\" content=\"index, follow, max-snippet:-1, max-image-preview:large, max-video-preview:-1\" \/>\n<link rel=\"canonical\" href=\"https:\/\/www.lamaisondabel.fr\/index.php\/draps-linge-de-maison\/\" \/>\n<meta property=\"og:locale\" content=\"fr_FR\" \/>\n<meta property=\"og:type\" content=\"article\" \/>\n<meta property=\"og:title\" content=\"Draps &amp; linge de maison - Fournitures - La Maison d&#039;Abel\" \/>\n<meta property=\"og:description\" content=\"Le montant du prix de la location comprend entre autres : Pour chaque lit : 1 draps plat + 1 draps housse Les lits sont faits. Les couvertures (2 par lit) 2 Oreillers 1 Couvre-lit Prot\u00e8ge-matelas &amp; de prot\u00e8ge- oreiller pour chaque lit Pr\u00e9voir le linge de toilette (serviettes &amp; gants) Torchons cuisine Une \u00e9ponge [&hellip;]\" \/>\n<meta property=\"og:url\" content=\"https:\/\/www.lamaisondabel.fr\/index.php\/draps-linge-de-maison\/\" \/>\n<meta property=\"og:site_name\" content=\"La Maison d&#039;Abel\" \/>\n<meta property=\"article:modified_time\" content=\"2024-05-17T17:10:27+00:00\" \/>\n<meta property=\"og:image\" content=\"http:\/\/www.lamaisondabel.fr\/wordpress_o\/wp-content\/uploads\/2019\/03\/draps.jpg\" \/>\n<meta name=\"twitter:card\" content=\"summary_large_image\" \/>\n<meta name=\"twitter:label1\" content=\"Dur\u00e9e de lecture estim\u00e9e\" \/>\n\t<meta name=\"twitter:data1\" content=\"1 minute\" \/>\n<script type=\"application\/ld+json\" class=\"yoast-schema-graph\">{\"@context\":\"https:\/\/schema.org\",\"@graph\":[{\"@type\":\"WebPage\",\"@id\":\"https:\/\/www.lamaisondabel.fr\/index.php\/draps-linge-de-maison\/\",\"url\":\"https:\/\/www.lamaisondabel.fr\/index.php\/draps-linge-de-maison\/\",\"name\":\"Draps & linge de maison - Fournitures - La Maison d&#039;Abel\",\"isPartOf\":{\"@id\":\"https:\/\/www.lamaisondabel.fr\/#website\"},\"primaryImageOfPage\":{\"@id\":\"https:\/\/www.lamaisondabel.fr\/index.php\/draps-linge-de-maison\/#primaryimage\"},\"image\":{\"@id\":\"https:\/\/www.lamaisondabel.fr\/index.php\/draps-linge-de-maison\/#primaryimage\"},\"thumbnailUrl\":\"http:\/\/www.lamaisondabel.fr\/wordpress_o\/wp-content\/uploads\/2019\/03\/draps.jpg\",\"datePublished\":\"2019-03-03T17:18:33+00:00\",\"dateModified\":\"2024-05-17T17:10:27+00:00\",\"breadcrumb\":{\"@id\":\"https:\/\/www.lamaisondabel.fr\/index.php\/draps-linge-de-maison\/#breadcrumb\"},\"inLanguage\":\"fr-FR\",\"potentialAction\":[{\"@type\":\"ReadAction\",\"target\":[\"https:\/\/www.lamaisondabel.fr\/index.php\/draps-linge-de-maison\/\"]}]},{\"@type\":\"ImageObject\",\"inLanguage\":\"fr-FR\",\"@id\":\"https:\/\/www.lamaisondabel.fr\/index.php\/draps-linge-de-maison\/#primaryimage\",\"url\":\"http:\/\/www.lamaisondabel.fr\/wordpress_o\/wp-content\/uploads\/2019\/03\/draps.jpg\",\"contentUrl\":\"http:\/\/www.lamaisondabel.fr\/wordpress_o\/wp-content\/uploads\/2019\/03\/draps.jpg\"},{\"@type\":\"BreadcrumbList\",\"@id\":\"https:\/\/www.lamaisondabel.fr\/index.php\/draps-linge-de-maison\/#breadcrumb\",\"itemListElement\":[{\"@type\":\"ListItem\",\"position\":1,\"name\":\"Accueil\",\"item\":\"https:\/\/www.lamaisondabel.fr\/\"},{\"@type\":\"ListItem\",\"position\":2,\"name\":\"Draps &#038; linge de maison &#8211; Fournitures\"}]},{\"@type\":\"WebSite\",\"@id\":\"https:\/\/www.lamaisondabel.fr\/#website\",\"url\":\"https:\/\/www.lamaisondabel.fr\/\",\"name\":\"La Maison d&#039;Abel\",\"description\":\"Lac du Salagou - Maison en location saisonni\u00e8re - Ouvert toute l&#039;ann\u00e9e.\",\"potentialAction\":[{\"@type\":\"SearchAction\",\"target\":{\"@type\":\"EntryPoint\",\"urlTemplate\":\"https:\/\/www.lamaisondabel.fr\/?s={search_term_string}\"},\"query-input\":\"required name=search_term_string\"}],\"inLanguage\":\"fr-FR\"}]}<\/script>\n<!-- \/ Yoast SEO plugin. -->","yoast_head_json":{"title":"Draps & linge de maison - Fournitures - La Maison d&#039;Abel","robots":{"index":"index","follow":"follow","max-snippet":"max-snippet:-1","max-image-preview":"max-image-preview:large","max-video-preview":"max-video-preview:-1"},"canonical":"https:\/\/www.lamaisondabel.fr\/index.php\/draps-linge-de-maison\/","og_locale":"fr_FR","og_type":"article","og_title":"Draps & linge de maison - Fournitures - La Maison d&#039;Abel","og_description":"Le montant du prix de la location comprend entre autres : Pour chaque lit : 1 draps plat + 1 draps housse Les lits sont faits. Les couvertures (2 par lit) 2 Oreillers 1 Couvre-lit Prot\u00e8ge-matelas &amp; de prot\u00e8ge- oreiller pour chaque lit Pr\u00e9voir le linge de toilette (serviettes &amp; gants) Torchons cuisine Une \u00e9ponge [&hellip;]","og_url":"https:\/\/www.lamaisondabel.fr\/index.php\/draps-linge-de-maison\/","og_site_name":"La Maison d&#039;Abel","article_modified_time":"2024-05-17T17:10:27+00:00","og_image":[{"url":"http:\/\/www.lamaisondabel.fr\/wordpress_o\/wp-content\/uploads\/2019\/03\/draps.jpg"}],"twitter_card":"summary_large_image","twitter_misc":{"Dur\u00e9e de lecture estim\u00e9e":"1 minute"},"schema":{"@context":"https:\/\/schema.org","@graph":[{"@type":"WebPage","@id":"https:\/\/www.lamaisondabel.fr\/index.php\/draps-linge-de-maison\/","url":"https:\/\/www.lamaisondabel.fr\/index.php\/draps-linge-de-maison\/","name":"Draps & linge de maison - Fournitures - La Maison d&#039;Abel","isPartOf":{"@id":"https:\/\/www.lamaisondabel.fr\/#website"},"primaryImageOfPage":{"@id":"https:\/\/www.lamaisondabel.fr\/index.php\/draps-linge-de-maison\/#primaryimage"},"image":{"@id":"https:\/\/www.lamaisondabel.fr\/index.php\/draps-linge-de-maison\/#primaryimage"},"thumbnailUrl":"http:\/\/www.lamaisondabel.fr\/wordpress_o\/wp-content\/uploads\/2019\/03\/draps.jpg","datePublished":"2019-03-03T17:18:33+00:00","dateModified":"2024-05-17T17:10:27+00:00","breadcrumb":{"@id":"https:\/\/www.lamaisondabel.fr\/index.php\/draps-linge-de-maison\/#breadcrumb"},"inLanguage":"fr-FR","potentialAction":[{"@type":"ReadAction","target":["https:\/\/www.lamaisondabel.fr\/index.php\/draps-linge-de-maison\/"]}]},{"@type":"ImageObject","inLanguage":"fr-FR","@id":"https:\/\/www.lamaisondabel.fr\/index.php\/draps-linge-de-maison\/#primaryimage","url":"http:\/\/www.lamaisondabel.fr\/wordpress_o\/wp-content\/uploads\/2019\/03\/draps.jpg","contentUrl":"http:\/\/www.lamaisondabel.fr\/wordpress_o\/wp-content\/uploads\/2019\/03\/draps.jpg"},{"@type":"BreadcrumbList","@id":"https:\/\/www.lamaisondabel.fr\/index.php\/draps-linge-de-maison\/#breadcrumb","itemListElement":[{"@type":"ListItem","position":1,"name":"Accueil","item":"https:\/\/www.lamaisondabel.fr\/"},{"@type":"ListItem","position":2,"name":"Draps &#038; linge de maison &#8211; Fournitures"}]},{"@type":"WebSite","@id":"https:\/\/www.lamaisondabel.fr\/#website","url":"https:\/\/www.lamaisondabel.fr\/","name":"La Maison d&#039;Abel","description":"Lac du Salagou - Maison en location saisonni\u00e8re - Ouvert toute l&#039;ann\u00e9e.","potentialAction":[{"@type":"SearchAction","target":{"@type":"EntryPoint","urlTemplate":"https:\/\/www.lamaisondabel.fr\/?s={search_term_string}"},"query-input":"required name=search_term_string"}],"inLanguage":"fr-FR"}]}},"_links":{"self":[{"href":"https:\/\/www.lamaisondabel.fr\/index.php\/wp-json\/wp\/v2\/pages\/39"}],"collection":[{"href":"https:\/\/www.lamaisondabel.fr\/index.php\/wp-json\/wp\/v2\/pages"}],"about":[{"href":"https:\/\/www.lamaisondabel.fr\/index.php\/wp-json\/wp\/v2\/types\/page"}],"author":[{"embeddable":true,"href":"https:\/\/www.lamaisondabel.fr\/index.php\/wp-json\/wp\/v2\/users\/1"}],"replies":[{"embeddable":true,"href":"https:\/\/www.lamaisondabel.fr\/index.php\/wp-json\/wp\/v2\/comments?post=39"}],"version-history":[{"count":14,"href":"https:\/\/www.lamaisondabel.fr\/index.php\/wp-json\/wp\/v2\/pages\/39\/revisions"}],"predecessor-version":[{"id":2128,"href":"https:\/\/www.lamaisondabel.fr\/index.php\/wp-json\/wp\/v2\/pages\/39\/revisions\/2128"}],"wp:attachment":[{"href":"https:\/\/www.lamaisondabel.fr\/index.php\/wp-json\/wp\/v2\/media?parent=39"}],"curies":[{"name":"wp","href":"https:\/\/api.w.org\/{rel}","templated":true}]}}