{"id":50,"date":"2019-03-03T17:23:45","date_gmt":"2019-03-03T17:23:45","guid":{"rendered":"http:\/\/www.lamaisondabel.fr\/wordpress_o\/?page_id=50"},"modified":"2026-03-29T11:13:13","modified_gmt":"2026-03-29T11:13:13","slug":"votre-animal-de-compagnie","status":"publish","type":"page","link":"https:\/\/www.lamaisondabel.fr\/index.php\/votre-animal-de-compagnie\/","title":{"rendered":"Votre animal de compagnie"},"content":{"rendered":"<p style=\"text-align: center;\">\u00a0<\/p>\n<p id=\"h.p_Nn5k00bfAfDy\" class=\"zfr3Q\" style=\"text-align: center;\">Il a droit aussi \u00e0 ses vacances.<\/p>\n<p class=\"zfr3Q\" style=\"text-align: center;\">Pendant votre s\u00e9jour votre petit animal de compagnie peut vous accompagner.<\/p>\n<p id=\"h.p_ro8w02e_AiPw\" class=\"zfr3Q\" style=\"text-align: center;\">Sans suppl\u00e9ment un petit animal de compagnie est accept\u00e9 sous conditions et entente pr\u00e9alable avec le propri\u00e9taire<\/p>\n<p id=\"h.p_Ft-uYOsRAiP-\" class=\"zfr3Q\" style=\"text-align: center;\">(l&#8217;animal doit \u00eatre propre &#8211; carnet de vaccination \u00e0 jour )<\/p>\n<p id=\"h.p_RVLG8TFXAiP_\" class=\"zfr3Q\" style=\"text-align: center;\">Les chiens de 1\u00b0 et 2\u00b0 cat\u00e9gorie ne sont pas accept\u00e9s<\/p>\n<p id=\"h.p_ZBOJOMP9AiQA\" class=\"zfr3Q\" style=\"text-align: center;\">Sauf accord particulier un seul animal est admis pendant le s\u00e9jour.<\/p>\n<p>&nbsp;<\/p>\n<p>&nbsp;<\/p>\n<p style=\"text-align: center;\"><img loading=\"lazy\" decoding=\"async\" class=\"aligncenter size-full wp-image-505\" src=\"http:\/\/www.lamaisondabel.fr\/wp-content\/uploads\/2019\/03\/veterinaire.jpg\" alt=\"\" width=\"229\" height=\"220\" srcset=\"https:\/\/www.lamaisondabel.fr\/wp-content\/uploads\/2019\/03\/veterinaire.jpg 229w, https:\/\/www.lamaisondabel.fr\/wp-content\/uploads\/2019\/03\/veterinaire-50x48.jpg 50w\" sizes=\"(max-width: 229px) 100vw, 229px\" \/><\/p>\n<p>&nbsp;<\/p>\n<p>&nbsp;<\/p>\n<ul>\n<li style=\"text-align: left;\">Meyrieu S\u00e9bastien &#8211; Route de Montpellier 34700 LODEVE &#8211; T\u00e9l.: 04 67 44 12 47<\/li>\n<li id=\"h.p_oqn-QDxBCED8\" class=\"zfr3Q\" style=\"text-align: left;\">Caumes Guilhem &#8211; 11 r Paul Darde 34700 LODEVE &#8211; T\u00e9l.: 04 67 88 66 60<\/li>\n<li id=\"h.p_aJGoRmyhCEEG\" class=\"zfr3Q\" style=\"text-align: left;\">CABINET VETERINAIRE DR BOUGUIN &#8211;\u00a02 RUE SAUNERIE &#8211; 34800 CLERMONT-L&#8217;H\u00c9RAULT\u00a0 -T\u00e9l : 04 67 96 37 31<\/li>\n<li id=\"h.p_93RgicTQCEEK\" class=\"zfr3Q\" style=\"text-align: left;\">CABINET VETERINAIRE RUE DU SOUC &#8211; 34800 CLERMONT-L&#8217;H\u00c9RAULT T\u00e9l : 04 67 96 37 20<\/li>\n<\/ul>\n<p style=\"text-align: left;\">\u00a0<\/p>\n","protected":false},"excerpt":{"rendered":"<p>\u00a0 Il a droit aussi \u00e0 ses vacances. Pendant votre s\u00e9jour votre petit animal de compagnie peut vous accompagner. Sans suppl\u00e9ment un petit animal de compagnie est accept\u00e9 sous conditions et entente pr\u00e9alable avec le propri\u00e9taire (l&#8217;animal doit \u00eatre propre &#8211; carnet de vaccination \u00e0 jour ) Les chiens de 1\u00b0 et 2\u00b0 cat\u00e9gorie ne [&hellip;]<\/p>\n","protected":false},"author":1,"featured_media":0,"parent":0,"menu_order":0,"comment_status":"closed","ping_status":"closed","template":"","meta":{"footnotes":""},"wppr_data":{"cwp_meta_box_check":"No"},"yoast_head":"<!-- This site is optimized with the Yoast SEO plugin v22.8 - https:\/\/yoast.com\/wordpress\/plugins\/seo\/ -->\n<title>Votre animal de compagnie - La Maison d&#039;Abel<\/title>\n<meta name=\"robots\" content=\"index, follow, max-snippet:-1, max-image-preview:large, max-video-preview:-1\" \/>\n<link rel=\"canonical\" href=\"https:\/\/www.lamaisondabel.fr\/index.php\/votre-animal-de-compagnie\/\" \/>\n<meta property=\"og:locale\" content=\"fr_FR\" \/>\n<meta property=\"og:type\" content=\"article\" \/>\n<meta property=\"og:title\" content=\"Votre animal de compagnie - La Maison d&#039;Abel\" \/>\n<meta property=\"og:description\" content=\"\u00a0 Il a droit aussi \u00e0 ses vacances. Pendant votre s\u00e9jour votre petit animal de compagnie peut vous accompagner. Sans suppl\u00e9ment un petit animal de compagnie est accept\u00e9 sous conditions et entente pr\u00e9alable avec le propri\u00e9taire (l&#8217;animal doit \u00eatre propre &#8211; carnet de vaccination \u00e0 jour ) Les chiens de 1\u00b0 et 2\u00b0 cat\u00e9gorie ne [&hellip;]\" \/>\n<meta property=\"og:url\" content=\"https:\/\/www.lamaisondabel.fr\/index.php\/votre-animal-de-compagnie\/\" \/>\n<meta property=\"og:site_name\" content=\"La Maison d&#039;Abel\" \/>\n<meta property=\"article:modified_time\" content=\"2026-03-29T11:13:13+00:00\" \/>\n<meta property=\"og:image\" content=\"http:\/\/www.lamaisondabel.fr\/wp-content\/uploads\/2019\/03\/veterinaire.jpg\" \/>\n<meta name=\"twitter:card\" content=\"summary_large_image\" \/>\n<meta name=\"twitter:label1\" content=\"Dur\u00e9e de lecture estim\u00e9e\" \/>\n\t<meta name=\"twitter:data1\" content=\"1 minute\" \/>\n<script type=\"application\/ld+json\" class=\"yoast-schema-graph\">{\"@context\":\"https:\/\/schema.org\",\"@graph\":[{\"@type\":\"WebPage\",\"@id\":\"https:\/\/www.lamaisondabel.fr\/index.php\/votre-animal-de-compagnie\/\",\"url\":\"https:\/\/www.lamaisondabel.fr\/index.php\/votre-animal-de-compagnie\/\",\"name\":\"Votre animal de compagnie - La Maison d&#039;Abel\",\"isPartOf\":{\"@id\":\"https:\/\/www.lamaisondabel.fr\/#website\"},\"primaryImageOfPage\":{\"@id\":\"https:\/\/www.lamaisondabel.fr\/index.php\/votre-animal-de-compagnie\/#primaryimage\"},\"image\":{\"@id\":\"https:\/\/www.lamaisondabel.fr\/index.php\/votre-animal-de-compagnie\/#primaryimage\"},\"thumbnailUrl\":\"http:\/\/www.lamaisondabel.fr\/wp-content\/uploads\/2019\/03\/veterinaire.jpg\",\"datePublished\":\"2019-03-03T17:23:45+00:00\",\"dateModified\":\"2026-03-29T11:13:13+00:00\",\"breadcrumb\":{\"@id\":\"https:\/\/www.lamaisondabel.fr\/index.php\/votre-animal-de-compagnie\/#breadcrumb\"},\"inLanguage\":\"fr-FR\",\"potentialAction\":[{\"@type\":\"ReadAction\",\"target\":[\"https:\/\/www.lamaisondabel.fr\/index.php\/votre-animal-de-compagnie\/\"]}]},{\"@type\":\"ImageObject\",\"inLanguage\":\"fr-FR\",\"@id\":\"https:\/\/www.lamaisondabel.fr\/index.php\/votre-animal-de-compagnie\/#primaryimage\",\"url\":\"https:\/\/www.lamaisondabel.fr\/wp-content\/uploads\/2019\/03\/veterinaire.jpg\",\"contentUrl\":\"https:\/\/www.lamaisondabel.fr\/wp-content\/uploads\/2019\/03\/veterinaire.jpg\",\"width\":229,\"height\":220},{\"@type\":\"BreadcrumbList\",\"@id\":\"https:\/\/www.lamaisondabel.fr\/index.php\/votre-animal-de-compagnie\/#breadcrumb\",\"itemListElement\":[{\"@type\":\"ListItem\",\"position\":1,\"name\":\"Accueil\",\"item\":\"https:\/\/www.lamaisondabel.fr\/\"},{\"@type\":\"ListItem\",\"position\":2,\"name\":\"Votre animal de compagnie\"}]},{\"@type\":\"WebSite\",\"@id\":\"https:\/\/www.lamaisondabel.fr\/#website\",\"url\":\"https:\/\/www.lamaisondabel.fr\/\",\"name\":\"La Maison d&#039;Abel\",\"description\":\"Lac du Salagou - Maison en location saisonni\u00e8re - Ouvert toute l&#039;ann\u00e9e.\",\"potentialAction\":[{\"@type\":\"SearchAction\",\"target\":{\"@type\":\"EntryPoint\",\"urlTemplate\":\"https:\/\/www.lamaisondabel.fr\/?s={search_term_string}\"},\"query-input\":\"required name=search_term_string\"}],\"inLanguage\":\"fr-FR\"}]}<\/script>\n<!-- \/ Yoast SEO plugin. -->","yoast_head_json":{"title":"Votre animal de compagnie - La Maison d&#039;Abel","robots":{"index":"index","follow":"follow","max-snippet":"max-snippet:-1","max-image-preview":"max-image-preview:large","max-video-preview":"max-video-preview:-1"},"canonical":"https:\/\/www.lamaisondabel.fr\/index.php\/votre-animal-de-compagnie\/","og_locale":"fr_FR","og_type":"article","og_title":"Votre animal de compagnie - La Maison d&#039;Abel","og_description":"\u00a0 Il a droit aussi \u00e0 ses vacances. Pendant votre s\u00e9jour votre petit animal de compagnie peut vous accompagner. Sans suppl\u00e9ment un petit animal de compagnie est accept\u00e9 sous conditions et entente pr\u00e9alable avec le propri\u00e9taire (l&#8217;animal doit \u00eatre propre &#8211; carnet de vaccination \u00e0 jour ) Les chiens de 1\u00b0 et 2\u00b0 cat\u00e9gorie ne [&hellip;]","og_url":"https:\/\/www.lamaisondabel.fr\/index.php\/votre-animal-de-compagnie\/","og_site_name":"La Maison d&#039;Abel","article_modified_time":"2026-03-29T11:13:13+00:00","og_image":[{"url":"http:\/\/www.lamaisondabel.fr\/wp-content\/uploads\/2019\/03\/veterinaire.jpg"}],"twitter_card":"summary_large_image","twitter_misc":{"Dur\u00e9e de lecture estim\u00e9e":"1 minute"},"schema":{"@context":"https:\/\/schema.org","@graph":[{"@type":"WebPage","@id":"https:\/\/www.lamaisondabel.fr\/index.php\/votre-animal-de-compagnie\/","url":"https:\/\/www.lamaisondabel.fr\/index.php\/votre-animal-de-compagnie\/","name":"Votre animal de compagnie - La Maison d&#039;Abel","isPartOf":{"@id":"https:\/\/www.lamaisondabel.fr\/#website"},"primaryImageOfPage":{"@id":"https:\/\/www.lamaisondabel.fr\/index.php\/votre-animal-de-compagnie\/#primaryimage"},"image":{"@id":"https:\/\/www.lamaisondabel.fr\/index.php\/votre-animal-de-compagnie\/#primaryimage"},"thumbnailUrl":"http:\/\/www.lamaisondabel.fr\/wp-content\/uploads\/2019\/03\/veterinaire.jpg","datePublished":"2019-03-03T17:23:45+00:00","dateModified":"2026-03-29T11:13:13+00:00","breadcrumb":{"@id":"https:\/\/www.lamaisondabel.fr\/index.php\/votre-animal-de-compagnie\/#breadcrumb"},"inLanguage":"fr-FR","potentialAction":[{"@type":"ReadAction","target":["https:\/\/www.lamaisondabel.fr\/index.php\/votre-animal-de-compagnie\/"]}]},{"@type":"ImageObject","inLanguage":"fr-FR","@id":"https:\/\/www.lamaisondabel.fr\/index.php\/votre-animal-de-compagnie\/#primaryimage","url":"https:\/\/www.lamaisondabel.fr\/wp-content\/uploads\/2019\/03\/veterinaire.jpg","contentUrl":"https:\/\/www.lamaisondabel.fr\/wp-content\/uploads\/2019\/03\/veterinaire.jpg","width":229,"height":220},{"@type":"BreadcrumbList","@id":"https:\/\/www.lamaisondabel.fr\/index.php\/votre-animal-de-compagnie\/#breadcrumb","itemListElement":[{"@type":"ListItem","position":1,"name":"Accueil","item":"https:\/\/www.lamaisondabel.fr\/"},{"@type":"ListItem","position":2,"name":"Votre animal de compagnie"}]},{"@type":"WebSite","@id":"https:\/\/www.lamaisondabel.fr\/#website","url":"https:\/\/www.lamaisondabel.fr\/","name":"La Maison d&#039;Abel","description":"Lac du Salagou - Maison en location saisonni\u00e8re - Ouvert toute l&#039;ann\u00e9e.","potentialAction":[{"@type":"SearchAction","target":{"@type":"EntryPoint","urlTemplate":"https:\/\/www.lamaisondabel.fr\/?s={search_term_string}"},"query-input":"required name=search_term_string"}],"inLanguage":"fr-FR"}]}},"_links":{"self":[{"href":"https:\/\/www.lamaisondabel.fr\/index.php\/wp-json\/wp\/v2\/pages\/50"}],"collection":[{"href":"https:\/\/www.lamaisondabel.fr\/index.php\/wp-json\/wp\/v2\/pages"}],"about":[{"href":"https:\/\/www.lamaisondabel.fr\/index.php\/wp-json\/wp\/v2\/types\/page"}],"author":[{"embeddable":true,"href":"https:\/\/www.lamaisondabel.fr\/index.php\/wp-json\/wp\/v2\/users\/1"}],"replies":[{"embeddable":true,"href":"https:\/\/www.lamaisondabel.fr\/index.php\/wp-json\/wp\/v2\/comments?post=50"}],"version-history":[{"count":18,"href":"https:\/\/www.lamaisondabel.fr\/index.php\/wp-json\/wp\/v2\/pages\/50\/revisions"}],"predecessor-version":[{"id":2223,"href":"https:\/\/www.lamaisondabel.fr\/index.php\/wp-json\/wp\/v2\/pages\/50\/revisions\/2223"}],"wp:attachment":[{"href":"https:\/\/www.lamaisondabel.fr\/index.php\/wp-json\/wp\/v2\/media?parent=50"}],"curies":[{"name":"wp","href":"https:\/\/api.w.org\/{rel}","templated":true}]}}